{"id":38325,"date":"2026-02-16T11:56:55","date_gmt":"2026-02-16T10:56:55","guid":{"rendered":"https:\/\/www.wood-studio-jardin.fr\/?post_type=realisation&#038;p=38325"},"modified":"2026-02-16T12:31:08","modified_gmt":"2026-02-16T11:31:08","slug":"maison-en-ossature-bois-en-l-de-35m%c2%b2","status":"publish","type":"realisation","link":"https:\/\/www.wood-studio-jardin.fr\/realisation\/maison-en-ossature-bois-en-l-de-35m%c2%b2\/","title":{"rendered":"Maison en ossature bois en L de 35m\u00b2"},"content":{"rendered":"\t\t<div data-elementor-type=\"wp-post\" data-elementor-id=\"38325\" class=\"elementor elementor-38325\">\n\t\t\t\t\t\t\t<div class=\"elementor-element elementor-element-5e7ad83 e-flex e-con-boxed e-con e-parent\" data-id=\"5e7ad83\" data-element_type=\"container\" data-settings=\"{&quot;container_type&quot;:&quot;flex&quot;,&quot;content_width&quot;:&quot;boxed&quot;}\" data-core-v316-plus=\"true\">\n\t\t\t\t\t<div class=\"e-con-inner\">\n\t\t\t\t<div class=\"elementor-element elementor-element-2e83c7b elementor-widget elementor-widget-heading\" data-id=\"2e83c7b\" data-element_type=\"widget\" data-widget_type=\"heading.default\">\n\t\t\t\t<div class=\"elementor-widget-container\">\n\t\t\t<style>\/*! elementor - v3.18.0 - 20-12-2023 *\/\n.elementor-heading-title{padding:0;margin:0;line-height:1}.elementor-widget-heading .elementor-heading-title[class*=elementor-size-]>a{color:inherit;font-size:inherit;line-height:inherit}.elementor-widget-heading .elementor-heading-title.elementor-size-small{font-size:15px}.elementor-widget-heading .elementor-heading-title.elementor-size-medium{font-size:19px}.elementor-widget-heading .elementor-heading-title.elementor-size-large{font-size:29px}.elementor-widget-heading .elementor-heading-title.elementor-size-xl{font-size:39px}.elementor-widget-heading .elementor-heading-title.elementor-size-xxl{font-size:59px}<\/style><h2 class=\"elementor-heading-title elementor-size-default\">Maison modulaire en L de 35m\u00b2 : 74500\u20ac TTC<\/h2>\t\t<\/div>\n\t\t\t\t<\/div>\n\t\t\t\t\t<\/div>\n\t\t\t\t<\/div>\n\t\t\t\t<section class=\"elementor-section elementor-top-section elementor-element elementor-element-ba37d8f elementor-section-boxed elementor-section-height-default elementor-section-height-default\" data-id=\"ba37d8f\" data-element_type=\"section\">\n\t\t\t\t\t\t<div class=\"elementor-container elementor-column-gap-default\">\n\t\t\t\t\t<div class=\"elementor-column elementor-col-33 elementor-top-column elementor-element elementor-element-5744091\" data-id=\"5744091\" data-element_type=\"column\">\n\t\t\t<div class=\"elementor-widget-wrap elementor-element-populated\">\n\t\t\t\t\t\t\t\t<div class=\"elementor-element elementor-element-76cefb3 elementor-widget elementor-widget-image\" data-id=\"76cefb3\" data-element_type=\"widget\" data-widget_type=\"image.default\">\n\t\t\t\t<div class=\"elementor-widget-container\">\n\t\t\t<style>\/*! elementor - v3.18.0 - 20-12-2023 *\/\n.elementor-widget-image{text-align:center}.elementor-widget-image a{display:inline-block}.elementor-widget-image a img[src$=\".svg\"]{width:48px}.elementor-widget-image img{vertical-align:middle;display:inline-block}<\/style>\t\t\t\t\t\t\t\t\t\t\t\t<img fetchpriority=\"high\" decoding=\"async\" width=\"1024\" height=\"1024\" src=\"https:\/\/www.wood-studio-jardin.fr\/app\/uploads\/sites\/88\/2022\/04\/cropped-Logo_WOOD-STUDIO-1024x1024.png\" class=\"attachment-large size-large wp-image-33214\" alt=\"\" srcset=\"https:\/\/www.wood-studio-jardin.fr\/app\/uploads\/sites\/88\/2022\/04\/cropped-Logo_WOOD-STUDIO-1024x1024.png 1024w, https:\/\/www.wood-studio-jardin.fr\/app\/uploads\/sites\/88\/2022\/04\/cropped-Logo_WOOD-STUDIO-300x300.png 300w, https:\/\/www.wood-studio-jardin.fr\/app\/uploads\/sites\/88\/2022\/04\/cropped-Logo_WOOD-STUDIO-150x150.png 150w, https:\/\/www.wood-studio-jardin.fr\/app\/uploads\/sites\/88\/2022\/04\/cropped-Logo_WOOD-STUDIO-768x768.png 768w, https:\/\/www.wood-studio-jardin.fr\/app\/uploads\/sites\/88\/2022\/04\/cropped-Logo_WOOD-STUDIO-1536x1536.png 1536w, https:\/\/www.wood-studio-jardin.fr\/app\/uploads\/sites\/88\/2022\/04\/cropped-Logo_WOOD-STUDIO-2048x2048.png 2048w, https:\/\/www.wood-studio-jardin.fr\/app\/uploads\/sites\/88\/2022\/04\/cropped-Logo_WOOD-STUDIO-600x600.png 600w, https:\/\/www.wood-studio-jardin.fr\/app\/uploads\/sites\/88\/2022\/04\/cropped-Logo_WOOD-STUDIO-100x100.png 100w\" sizes=\"(max-width: 1024px) 100vw, 1024px\" \/>\t\t\t\t\t\t\t\t\t\t\t\t\t\t\t<\/div>\n\t\t\t\t<\/div>\n\t\t\t\t\t<\/div>\n\t\t<\/div>\n\t\t\t\t<div class=\"elementor-column elementor-col-66 elementor-top-column elementor-element elementor-element-f7b2c9a\" data-id=\"f7b2c9a\" data-element_type=\"column\">\n\t\t\t<div class=\"elementor-widget-wrap elementor-element-populated\">\n\t\t\t\t\t\t\t\t<div class=\"elementor-element elementor-element-7dc5a82 elementor-widget elementor-widget-text-editor\" data-id=\"7dc5a82\" data-element_type=\"widget\" data-widget_type=\"text-editor.default\">\n\t\t\t\t<div class=\"elementor-widget-container\">\n\t\t\t<style>\/*! elementor - v3.18.0 - 20-12-2023 *\/\n.elementor-widget-text-editor.elementor-drop-cap-view-stacked .elementor-drop-cap{background-color:#69727d;color:#fff}.elementor-widget-text-editor.elementor-drop-cap-view-framed .elementor-drop-cap{color:#69727d;border:3px solid;background-color:transparent}.elementor-widget-text-editor:not(.elementor-drop-cap-view-default) .elementor-drop-cap{margin-top:8px}.elementor-widget-text-editor:not(.elementor-drop-cap-view-default) .elementor-drop-cap-letter{width:1em;height:1em}.elementor-widget-text-editor .elementor-drop-cap{float:left;text-align:center;line-height:1;font-size:50px}.elementor-widget-text-editor .elementor-drop-cap-letter{display:inline-block}<\/style>\t\t\t\tQue ce soit, une <strong>maison de jardin, une pi\u00e8ce en plus, un cabinet m\u00e9dical<\/strong> ou tout simplement votre future <strong>maison bois<\/strong>, Wood Studio est en mesure gr\u00e2ce \u00e0 son principe constructif de r\u00e9pondre \u00e0 toutes vos demandes en un temps record.\n<br><br>\nWOOD STUDIO c\u2019est\u00a0:<br><br>\n<ul>\n \t<li>Le choix \u00e9cologique et pratique<\/li><br>\n \t<li>Une construction rapide et sans d\u00e9rangement<\/li><br>\n \t<li>Un co\u00fbt concurrentiel<\/li><br>\n \t<li>Une isolation thermique RE20, c\u2019est-\u00e0-dire du confort \u00e9t\u00e9 comme hiver<\/li>\n<\/ul>\t\t\t\t\t\t<\/div>\n\t\t\t\t<\/div>\n\t\t\t\t\t<\/div>\n\t\t<\/div>\n\t\t\t\t\t\t\t<\/div>\n\t\t<\/section>\n\t\t<div class=\"elementor-element elementor-element-bd3a04c e-flex e-con-boxed e-con e-parent\" data-id=\"bd3a04c\" data-element_type=\"container\" data-settings=\"{&quot;container_type&quot;:&quot;flex&quot;,&quot;content_width&quot;:&quot;boxed&quot;}\" data-core-v316-plus=\"true\">\n\t\t\t\t\t<div class=\"e-con-inner\">\n\t\t\t\t<div class=\"elementor-element elementor-element-c4d6776 elementor-widget__width-initial elementor-widget elementor-widget-image\" data-id=\"c4d6776\" data-element_type=\"widget\" data-widget_type=\"image.default\">\n\t\t\t\t<div class=\"elementor-widget-container\">\n\t\t\t\t\t\t\t\t\t\t\t\t\t\t\t<img decoding=\"async\" width=\"1024\" height=\"677\" src=\"https:\/\/www.wood-studio-jardin.fr\/app\/uploads\/sites\/88\/2026\/02\/IMG_6012-1024x677.jpeg\" class=\"attachment-large size-large wp-image-38319\" alt=\"\" srcset=\"https:\/\/www.wood-studio-jardin.fr\/app\/uploads\/sites\/88\/2026\/02\/IMG_6012-1024x677.jpeg 1024w, https:\/\/www.wood-studio-jardin.fr\/app\/uploads\/sites\/88\/2026\/02\/IMG_6012-300x198.jpeg 300w, https:\/\/www.wood-studio-jardin.fr\/app\/uploads\/sites\/88\/2026\/02\/IMG_6012-768x507.jpeg 768w, https:\/\/www.wood-studio-jardin.fr\/app\/uploads\/sites\/88\/2026\/02\/IMG_6012-600x396.jpeg 600w, https:\/\/www.wood-studio-jardin.fr\/app\/uploads\/sites\/88\/2026\/02\/IMG_6012.jpeg 1170w\" sizes=\"(max-width: 1024px) 100vw, 1024px\" \/>\t\t\t\t\t\t\t\t\t\t\t\t\t\t\t<\/div>\n\t\t\t\t<\/div>\n\t\t\t\t\t<\/div>\n\t\t\t\t<\/div>\n\t\t<div class=\"elementor-element elementor-element-fb495c9 e-flex e-con-boxed e-con e-parent\" data-id=\"fb495c9\" data-element_type=\"container\" data-settings=\"{&quot;container_type&quot;:&quot;flex&quot;,&quot;content_width&quot;:&quot;boxed&quot;}\" data-core-v316-plus=\"true\">\n\t\t\t\t\t<div class=\"e-con-inner\">\n\t\t\t\t<div class=\"elementor-element elementor-element-8c868f9 elementor-widget elementor-widget-image\" data-id=\"8c868f9\" data-element_type=\"widget\" data-widget_type=\"image.default\">\n\t\t\t\t<div class=\"elementor-widget-container\">\n\t\t\t\t\t\t\t\t\t\t\t\t\t\t\t<img decoding=\"async\" width=\"685\" height=\"1024\" src=\"https:\/\/www.wood-studio-jardin.fr\/app\/uploads\/sites\/88\/2026\/02\/IMG_6013-685x1024.jpeg\" class=\"attachment-large size-large wp-image-38306\" alt=\"\" srcset=\"https:\/\/www.wood-studio-jardin.fr\/app\/uploads\/sites\/88\/2026\/02\/IMG_6013-685x1024.jpeg 685w, https:\/\/www.wood-studio-jardin.fr\/app\/uploads\/sites\/88\/2026\/02\/IMG_6013-201x300.jpeg 201w, https:\/\/www.wood-studio-jardin.fr\/app\/uploads\/sites\/88\/2026\/02\/IMG_6013-768x1148.jpeg 768w, https:\/\/www.wood-studio-jardin.fr\/app\/uploads\/sites\/88\/2026\/02\/IMG_6013-1028x1536.jpeg 1028w, https:\/\/www.wood-studio-jardin.fr\/app\/uploads\/sites\/88\/2026\/02\/IMG_6013-600x897.jpeg 600w, https:\/\/www.wood-studio-jardin.fr\/app\/uploads\/sites\/88\/2026\/02\/IMG_6013.jpeg 1170w\" sizes=\"(max-width: 685px) 100vw, 685px\" \/>\t\t\t\t\t\t\t\t\t\t\t\t\t\t\t<\/div>\n\t\t\t\t<\/div>\n\t\t\t\t\t<\/div>\n\t\t\t\t<\/div>\n\t\t\t\t<section class=\"elementor-section elementor-top-section elementor-element elementor-element-11f3048 elementor-section-boxed elementor-section-height-default elementor-section-height-default\" data-id=\"11f3048\" data-element_type=\"section\">\n\t\t\t\t\t\t<div class=\"elementor-container elementor-column-gap-default\">\n\t\t\t\t\t<div class=\"elementor-column elementor-col-100 elementor-top-column elementor-element elementor-element-2e43b94\" data-id=\"2e43b94\" data-element_type=\"column\">\n\t\t\t<div class=\"elementor-widget-wrap elementor-element-populated\">\n\t\t\t\t\t\t\t\t<div class=\"elementor-element elementor-element-26530b2 elementor-widget elementor-widget-text-editor\" data-id=\"26530b2\" data-element_type=\"widget\" data-widget_type=\"text-editor.default\">\n\t\t\t\t<div class=\"elementor-widget-container\">\n\t\t\t\t\t\t\tNos maisons de jardin en ossature bois offrent une solution \u00e9cologique, esth\u00e9tique et pratique pour vous cr\u00e9er une <strong>pi\u00e8ce en plus<\/strong>. Leur durabilit\u00e9, leur isolation thermique, leur flexibilit\u00e9 de design, leur rapidit\u00e9 de construction et leur co\u00fbt comp\u00e9titif en font un choix id\u00e9al pour les propri\u00e9taires soucieux de l&rsquo;environnement et de leur budget. Si vous envisagez d&rsquo;agrandir votre maison, pourquoi ne pas opter pour une extension en bois et profiter de tous ses avantages ?\n<br><br>\nNous proposons \u00e9galement un vaste choix de <strong>studios de jardin, d\u2019extensions de maison en bois<\/strong>.\n<br><br>\nPour plus d&rsquo;informations sur nos services, n&rsquo;h\u00e9sitez pas \u00e0 nous contacter. Nous serions ravis de vous aider \u00e0 concr\u00e9tiser votre projet en bois.\t\t\t\t\t\t<\/div>\n\t\t\t\t<\/div>\n\t\t\t\t<div class=\"elementor-element elementor-element-197bb49 elementor-align-center elementor-widget__width-auto elementor-widget elementor-widget-button\" data-id=\"197bb49\" data-element_type=\"widget\" data-widget_type=\"button.default\">\n\t\t\t\t<div class=\"elementor-widget-container\">\n\t\t\t\t\t<div class=\"elementor-button-wrapper\">\n\t\t\t<a class=\"elementor-button elementor-button-link elementor-size-sm\" href=\"https:\/\/www.wood-studio-jardin.fr\/contact\/\">\n\t\t\t\t\t\t<span class=\"elementor-button-content-wrapper\">\n\t\t\t\t\t\t<span class=\"elementor-button-text\">Nous contacter<\/span>\n\t\t<\/span>\n\t\t\t\t\t<\/a>\n\t\t<\/div>\n\t\t\t\t<\/div>\n\t\t\t\t<\/div>\n\t\t\t\t\t<\/div>\n\t\t<\/div>\n\t\t\t\t\t\t\t<\/div>\n\t\t<\/section>\n\t\t<div class=\"elementor-element elementor-element-97fb2c9 e-flex e-con-boxed e-con e-parent\" data-id=\"97fb2c9\" data-element_type=\"container\" data-settings=\"{&quot;container_type&quot;:&quot;flex&quot;,&quot;content_width&quot;:&quot;boxed&quot;}\" data-core-v316-plus=\"true\">\n\t\t\t\t\t<div class=\"e-con-inner\">\n\t\t\t\t\t<\/div>\n\t\t\t\t<\/div>\n\t\t\t\t\t\t\t<\/div>\n\t\t","protected":false},"featured_media":38307,"template":"","meta":{"_kad_post_transparent":"default","_kad_post_title":"hide","_kad_post_layout":"fullwidth","_kad_post_sidebar_id":"","_kad_post_content_style":"unboxed","_kad_post_vertical_padding":"hide","_kad_post_feature":"hide","_kad_post_feature_position":"","_kad_post_header":false,"_kad_post_footer":false},"categorie_-_realisation":[595],"yoast_head":"<!-- This site is optimized with the Yoast SEO plugin v19.2 - https:\/\/yoast.com\/wordpress\/plugins\/seo\/ -->\n<title>Maison en ossature bois en L de 35m\u00b2 - Wood Studio Jardin<\/title>\n<meta name=\"robots\" content=\"index, follow, max-snippet:-1, max-image-preview:large, max-video-preview:-1\" \/>\n<link rel=\"canonical\" href=\"https:\/\/www.wood-studio-jardin.fr\/realisation\/maison-en-ossature-bois-en-l-de-35m\u00b2\/\" \/>\n<meta property=\"og:locale\" content=\"fr_FR\" \/>\n<meta property=\"og:type\" content=\"article\" \/>\n<meta property=\"og:url\" content=\"https:\/\/www.wood-studio-jardin.fr\/realisation\/maison-en-ossature-bois-en-l-de-35m\u00b2\/\" \/>\n<meta property=\"og:site_name\" content=\"Wood Studio Jardin\" \/>\n<meta property=\"article:modified_time\" content=\"2026-02-16T11:31:08+00:00\" \/>\n<meta property=\"og:image\" content=\"https:\/\/www.wood-studio-jardin.fr\/app\/uploads\/sites\/88\/2026\/02\/IMG_6014.jpeg\" \/>\n\t<meta property=\"og:image:width\" content=\"1170\" \/>\n\t<meta property=\"og:image:height\" content=\"778\" \/>\n\t<meta property=\"og:image:type\" content=\"image\/jpeg\" \/>\n<meta name=\"author\" content=\"contact@woodstudio.fr\" \/>\n<meta name=\"twitter:card\" content=\"summary_large_image\" \/>\n<meta name=\"twitter:label1\" content=\"Est. reading time\" \/>\n\t<meta name=\"twitter:data1\" content=\"1 minute\" \/>\n<script type=\"application\/ld+json\" class=\"yoast-schema-graph\">{\"@context\":\"https:\/\/schema.org\",\"@graph\":[{\"@type\":\"WebSite\",\"@id\":\"https:\/\/www.wood-studio-jardin.fr\/#website\",\"url\":\"https:\/\/www.wood-studio-jardin.fr\/\",\"name\":\"Wood Studio Jardin\",\"description\":\"Studio de jardin, extension de maison sur Brest, Rennes, Vannes, St-Brieuc, Quimper, Lorient, Dinard, Dinan...\",\"potentialAction\":[{\"@type\":\"SearchAction\",\"target\":{\"@type\":\"EntryPoint\",\"urlTemplate\":\"https:\/\/www.wood-studio-jardin.fr\/?s={search_term_string}\"},\"query-input\":\"required name=search_term_string\"}],\"inLanguage\":\"fr-FR\"},{\"@type\":\"ImageObject\",\"inLanguage\":\"fr-FR\",\"@id\":\"https:\/\/www.wood-studio-jardin.fr\/realisation\/maison-en-ossature-bois-en-l-de-35m%c2%b2\/#primaryimage\",\"url\":\"https:\/\/www.wood-studio-jardin.fr\/app\/uploads\/sites\/88\/2026\/02\/IMG_6014.jpeg\",\"contentUrl\":\"https:\/\/www.wood-studio-jardin.fr\/app\/uploads\/sites\/88\/2026\/02\/IMG_6014.jpeg\",\"width\":1170,\"height\":778},{\"@type\":\"WebPage\",\"@id\":\"https:\/\/www.wood-studio-jardin.fr\/realisation\/maison-en-ossature-bois-en-l-de-35m%c2%b2\/#webpage\",\"url\":\"https:\/\/www.wood-studio-jardin.fr\/realisation\/maison-en-ossature-bois-en-l-de-35m%c2%b2\/\",\"name\":\"Maison en ossature bois en L de 35m\u00b2 - Wood Studio Jardin\",\"isPartOf\":{\"@id\":\"https:\/\/www.wood-studio-jardin.fr\/#website\"},\"primaryImageOfPage\":{\"@id\":\"https:\/\/www.wood-studio-jardin.fr\/realisation\/maison-en-ossature-bois-en-l-de-35m%c2%b2\/#primaryimage\"},\"datePublished\":\"2026-02-16T10:56:55+00:00\",\"dateModified\":\"2026-02-16T11:31:08+00:00\",\"breadcrumb\":{\"@id\":\"https:\/\/www.wood-studio-jardin.fr\/realisation\/maison-en-ossature-bois-en-l-de-35m%c2%b2\/#breadcrumb\"},\"inLanguage\":\"fr-FR\",\"potentialAction\":[{\"@type\":\"ReadAction\",\"target\":[\"https:\/\/www.wood-studio-jardin.fr\/realisation\/maison-en-ossature-bois-en-l-de-35m%c2%b2\/\"]}]},{\"@type\":\"BreadcrumbList\",\"@id\":\"https:\/\/www.wood-studio-jardin.fr\/realisation\/maison-en-ossature-bois-en-l-de-35m%c2%b2\/#breadcrumb\",\"itemListElement\":[{\"@type\":\"ListItem\",\"position\":1,\"name\":\"Accueil\",\"item\":\"https:\/\/www.wood-studio-jardin.fr\/\"},{\"@type\":\"ListItem\",\"position\":2,\"name\":\"R\u00e9alisations\",\"item\":\"https:\/\/www.wood-studio-jardin.fr\/realisation\/\"},{\"@type\":\"ListItem\",\"position\":3,\"name\":\"Maison en ossature bois en L de 35m\u00b2\"}]}]}<\/script>\n<!-- \/ Yoast SEO plugin. -->","yoast_head_json":{"title":"Maison en ossature bois en L de 35m\u00b2 - Wood Studio Jardin","robots":{"index":"index","follow":"follow","max-snippet":"max-snippet:-1","max-image-preview":"max-image-preview:large","max-video-preview":"max-video-preview:-1"},"canonical":"https:\/\/www.wood-studio-jardin.fr\/realisation\/maison-en-ossature-bois-en-l-de-35m\u00b2\/","og_locale":"fr_FR","og_type":"article","og_url":"https:\/\/www.wood-studio-jardin.fr\/realisation\/maison-en-ossature-bois-en-l-de-35m\u00b2\/","og_site_name":"Wood Studio Jardin","article_modified_time":"2026-02-16T11:31:08+00:00","og_image":[{"width":1170,"height":778,"url":"https:\/\/www.wood-studio-jardin.fr\/app\/uploads\/sites\/88\/2026\/02\/IMG_6014.jpeg","type":"image\/jpeg"}],"author":"contact@woodstudio.fr","twitter_card":"summary_large_image","twitter_misc":{"Est. reading time":"1 minute"},"schema":{"@context":"https:\/\/schema.org","@graph":[{"@type":"WebSite","@id":"https:\/\/www.wood-studio-jardin.fr\/#website","url":"https:\/\/www.wood-studio-jardin.fr\/","name":"Wood Studio Jardin","description":"Studio de jardin, extension de maison sur Brest, Rennes, Vannes, St-Brieuc, Quimper, Lorient, Dinard, Dinan...","potentialAction":[{"@type":"SearchAction","target":{"@type":"EntryPoint","urlTemplate":"https:\/\/www.wood-studio-jardin.fr\/?s={search_term_string}"},"query-input":"required name=search_term_string"}],"inLanguage":"fr-FR"},{"@type":"ImageObject","inLanguage":"fr-FR","@id":"https:\/\/www.wood-studio-jardin.fr\/realisation\/maison-en-ossature-bois-en-l-de-35m%c2%b2\/#primaryimage","url":"https:\/\/www.wood-studio-jardin.fr\/app\/uploads\/sites\/88\/2026\/02\/IMG_6014.jpeg","contentUrl":"https:\/\/www.wood-studio-jardin.fr\/app\/uploads\/sites\/88\/2026\/02\/IMG_6014.jpeg","width":1170,"height":778},{"@type":"WebPage","@id":"https:\/\/www.wood-studio-jardin.fr\/realisation\/maison-en-ossature-bois-en-l-de-35m%c2%b2\/#webpage","url":"https:\/\/www.wood-studio-jardin.fr\/realisation\/maison-en-ossature-bois-en-l-de-35m%c2%b2\/","name":"Maison en ossature bois en L de 35m\u00b2 - Wood Studio Jardin","isPartOf":{"@id":"https:\/\/www.wood-studio-jardin.fr\/#website"},"primaryImageOfPage":{"@id":"https:\/\/www.wood-studio-jardin.fr\/realisation\/maison-en-ossature-bois-en-l-de-35m%c2%b2\/#primaryimage"},"datePublished":"2026-02-16T10:56:55+00:00","dateModified":"2026-02-16T11:31:08+00:00","breadcrumb":{"@id":"https:\/\/www.wood-studio-jardin.fr\/realisation\/maison-en-ossature-bois-en-l-de-35m%c2%b2\/#breadcrumb"},"inLanguage":"fr-FR","potentialAction":[{"@type":"ReadAction","target":["https:\/\/www.wood-studio-jardin.fr\/realisation\/maison-en-ossature-bois-en-l-de-35m%c2%b2\/"]}]},{"@type":"BreadcrumbList","@id":"https:\/\/www.wood-studio-jardin.fr\/realisation\/maison-en-ossature-bois-en-l-de-35m%c2%b2\/#breadcrumb","itemListElement":[{"@type":"ListItem","position":1,"name":"Accueil","item":"https:\/\/www.wood-studio-jardin.fr\/"},{"@type":"ListItem","position":2,"name":"R\u00e9alisations","item":"https:\/\/www.wood-studio-jardin.fr\/realisation\/"},{"@type":"ListItem","position":3,"name":"Maison en ossature bois en L de 35m\u00b2"}]}]}},"_links":{"self":[{"href":"https:\/\/www.wood-studio-jardin.fr\/api\/wp\/v2\/realisation\/38325"}],"collection":[{"href":"https:\/\/www.wood-studio-jardin.fr\/api\/wp\/v2\/realisation"}],"about":[{"href":"https:\/\/www.wood-studio-jardin.fr\/api\/wp\/v2\/types\/realisation"}],"version-history":[{"count":13,"href":"https:\/\/www.wood-studio-jardin.fr\/api\/wp\/v2\/realisation\/38325\/revisions"}],"predecessor-version":[{"id":38340,"href":"https:\/\/www.wood-studio-jardin.fr\/api\/wp\/v2\/realisation\/38325\/revisions\/38340"}],"wp:featuredmedia":[{"embeddable":true,"href":"https:\/\/www.wood-studio-jardin.fr\/api\/wp\/v2\/media\/38307"}],"wp:attachment":[{"href":"https:\/\/www.wood-studio-jardin.fr\/api\/wp\/v2\/media?parent=38325"}],"wp:term":[{"taxonomy":"categorie_-_realisation","embeddable":true,"href":"https:\/\/www.wood-studio-jardin.fr\/api\/wp\/v2\/categorie_-_realisation?post=38325"}],"curies":[{"name":"wp","href":"https:\/\/api.w.org\/{rel}","templated":true}]}}