{"id":38294,"date":"2026-02-16T09:58:06","date_gmt":"2026-02-16T08:58:06","guid":{"rendered":"https:\/\/www.wood-studio-jardin.fr\/?post_type=realisation&#038;p=38294"},"modified":"2026-02-16T11:23:42","modified_gmt":"2026-02-16T10:23:42","slug":"extension-de-maison-a-brest-finistere-2","status":"publish","type":"realisation","link":"https:\/\/www.wood-studio-jardin.fr\/realisation\/extension-de-maison-a-brest-finistere-2\/","title":{"rendered":"Extension de maison \u00e0 Brest (Finist\u00e8re)"},"content":{"rendered":"\t\t<div data-elementor-type=\"wp-post\" data-elementor-id=\"38294\" class=\"elementor elementor-38294\">\n\t\t\t\t\t\t\t\t\t<section class=\"elementor-section elementor-top-section elementor-element elementor-element-ba37d8f elementor-section-boxed elementor-section-height-default elementor-section-height-default\" data-id=\"ba37d8f\" data-element_type=\"section\">\n\t\t\t\t\t\t<div class=\"elementor-container elementor-column-gap-default\">\n\t\t\t\t\t<div class=\"elementor-column elementor-col-33 elementor-top-column elementor-element elementor-element-5744091\" data-id=\"5744091\" data-element_type=\"column\">\n\t\t\t<div class=\"elementor-widget-wrap elementor-element-populated\">\n\t\t\t\t\t\t\t\t<div class=\"elementor-element elementor-element-76cefb3 elementor-widget elementor-widget-image\" data-id=\"76cefb3\" data-element_type=\"widget\" data-widget_type=\"image.default\">\n\t\t\t\t<div class=\"elementor-widget-container\">\n\t\t\t<style>\/*! elementor - v3.18.0 - 20-12-2023 *\/\n.elementor-widget-image{text-align:center}.elementor-widget-image a{display:inline-block}.elementor-widget-image a img[src$=\".svg\"]{width:48px}.elementor-widget-image img{vertical-align:middle;display:inline-block}<\/style>\t\t\t\t\t\t\t\t\t\t\t\t<img fetchpriority=\"high\" decoding=\"async\" width=\"1024\" height=\"1024\" src=\"https:\/\/www.wood-studio-jardin.fr\/app\/uploads\/sites\/88\/2022\/04\/cropped-Logo_WOOD-STUDIO-1024x1024.png\" class=\"attachment-large size-large wp-image-33214\" alt=\"\" srcset=\"https:\/\/www.wood-studio-jardin.fr\/app\/uploads\/sites\/88\/2022\/04\/cropped-Logo_WOOD-STUDIO-1024x1024.png 1024w, https:\/\/www.wood-studio-jardin.fr\/app\/uploads\/sites\/88\/2022\/04\/cropped-Logo_WOOD-STUDIO-300x300.png 300w, https:\/\/www.wood-studio-jardin.fr\/app\/uploads\/sites\/88\/2022\/04\/cropped-Logo_WOOD-STUDIO-150x150.png 150w, https:\/\/www.wood-studio-jardin.fr\/app\/uploads\/sites\/88\/2022\/04\/cropped-Logo_WOOD-STUDIO-768x768.png 768w, https:\/\/www.wood-studio-jardin.fr\/app\/uploads\/sites\/88\/2022\/04\/cropped-Logo_WOOD-STUDIO-1536x1536.png 1536w, https:\/\/www.wood-studio-jardin.fr\/app\/uploads\/sites\/88\/2022\/04\/cropped-Logo_WOOD-STUDIO-2048x2048.png 2048w, https:\/\/www.wood-studio-jardin.fr\/app\/uploads\/sites\/88\/2022\/04\/cropped-Logo_WOOD-STUDIO-600x600.png 600w, https:\/\/www.wood-studio-jardin.fr\/app\/uploads\/sites\/88\/2022\/04\/cropped-Logo_WOOD-STUDIO-100x100.png 100w\" sizes=\"(max-width: 1024px) 100vw, 1024px\" \/>\t\t\t\t\t\t\t\t\t\t\t\t\t\t\t<\/div>\n\t\t\t\t<\/div>\n\t\t\t\t\t<\/div>\n\t\t<\/div>\n\t\t\t\t<div class=\"elementor-column elementor-col-66 elementor-top-column elementor-element elementor-element-f7b2c9a\" data-id=\"f7b2c9a\" data-element_type=\"column\">\n\t\t\t<div class=\"elementor-widget-wrap elementor-element-populated\">\n\t\t\t\t\t\t\t\t<div class=\"elementor-element elementor-element-7dc5a82 elementor-widget elementor-widget-text-editor\" data-id=\"7dc5a82\" data-element_type=\"widget\" data-widget_type=\"text-editor.default\">\n\t\t\t\t<div class=\"elementor-widget-container\">\n\t\t\t<style>\/*! elementor - v3.18.0 - 20-12-2023 *\/\n.elementor-widget-text-editor.elementor-drop-cap-view-stacked .elementor-drop-cap{background-color:#69727d;color:#fff}.elementor-widget-text-editor.elementor-drop-cap-view-framed .elementor-drop-cap{color:#69727d;border:3px solid;background-color:transparent}.elementor-widget-text-editor:not(.elementor-drop-cap-view-default) .elementor-drop-cap{margin-top:8px}.elementor-widget-text-editor:not(.elementor-drop-cap-view-default) .elementor-drop-cap-letter{width:1em;height:1em}.elementor-widget-text-editor .elementor-drop-cap{float:left;text-align:center;line-height:1;font-size:50px}.elementor-widget-text-editor .elementor-drop-cap-letter{display:inline-block}<\/style>\t\t\t\t<p style=\"font-weight: 400\">Situ\u00e9e \u00e0 Brest, cette <strong>extension de maison\u00a0<\/strong>\u00a0est utilis\u00e9e pour accueillir le papa de notre client.<\/p><p style=\"font-weight: 400\">Extension PREMIUM 37m\u00b2 : 88453 \u20ac<\/p><p style=\"font-weight: 400\">Bardage PVC<\/p><p style=\"font-weight: 400\">Terrasse avec garde corps<\/p><p style=\"font-weight: 400\">salle de bain PMR<\/p><p style=\"font-weight: 400\">Dressing<\/p>\t\t\t\t\t\t<\/div>\n\t\t\t\t<\/div>\n\t\t\t\t\t<\/div>\n\t\t<\/div>\n\t\t\t\t\t\t\t<\/div>\n\t\t<\/section>\n\t\t<div class=\"elementor-element elementor-element-d617d6e e-flex e-con-boxed e-con e-parent\" data-id=\"d617d6e\" data-element_type=\"container\" data-settings=\"{&quot;container_type&quot;:&quot;flex&quot;,&quot;content_width&quot;:&quot;boxed&quot;}\" data-core-v316-plus=\"true\">\n\t\t\t\t\t<div class=\"e-con-inner\">\n\t\t<div class=\"elementor-element elementor-element-6b3937c e-con-full e-flex e-con e-child\" data-id=\"6b3937c\" data-element_type=\"container\" data-settings=\"{&quot;content_width&quot;:&quot;full&quot;,&quot;container_type&quot;:&quot;flex&quot;}\">\n\t\t\t\t<div class=\"elementor-element elementor-element-9209d82 elementor-widget elementor-widget-image\" data-id=\"9209d82\" data-element_type=\"widget\" data-widget_type=\"image.default\">\n\t\t\t\t<div class=\"elementor-widget-container\">\n\t\t\t\t\t\t\t\t\t\t\t\t\t\t\t\t<a href=\"https:\/\/www.wood-studio-jardin.fr\/app\/uploads\/sites\/88\/2026\/02\/IMG_7145.jpeg\" data-elementor-open-lightbox=\"yes\" data-elementor-lightbox-title=\"Screenshot\" data-e-action-hash=\"#elementor-action%3Aaction%3Dlightbox%26settings%3DeyJpZCI6IjM4MzExIiwidXJsIjoiaHR0cHM6XC9cL3d3dy53b29kLXN0dWRpby1qYXJkaW4uZnJcL2FwcFwvdXBsb2Fkc1wvc2l0ZXNcLzg4XC8yMDI2XC8wMlwvSU1HXzcxNDUuanBlZyJ9\">\n\t\t\t\t\t\t\t<img decoding=\"async\" width=\"768\" height=\"880\" src=\"https:\/\/www.wood-studio-jardin.fr\/app\/uploads\/sites\/88\/2026\/02\/IMG_7145-768x880.jpeg\" class=\"attachment-medium_large size-medium_large wp-image-38311\" alt=\"\" srcset=\"https:\/\/www.wood-studio-jardin.fr\/app\/uploads\/sites\/88\/2026\/02\/IMG_7145-768x880.jpeg 768w, https:\/\/www.wood-studio-jardin.fr\/app\/uploads\/sites\/88\/2026\/02\/IMG_7145-262x300.jpeg 262w, https:\/\/www.wood-studio-jardin.fr\/app\/uploads\/sites\/88\/2026\/02\/IMG_7145-894x1024.jpeg 894w, https:\/\/www.wood-studio-jardin.fr\/app\/uploads\/sites\/88\/2026\/02\/IMG_7145-600x688.jpeg 600w, https:\/\/www.wood-studio-jardin.fr\/app\/uploads\/sites\/88\/2026\/02\/IMG_7145.jpeg 1260w\" sizes=\"(max-width: 768px) 100vw, 768px\" \/>\t\t\t\t\t\t\t\t<\/a>\n\t\t\t\t\t\t\t\t\t\t\t\t\t\t\t<\/div>\n\t\t\t\t<\/div>\n\t\t\t\t<\/div>\n\t\t<div class=\"elementor-element elementor-element-7f6c714 e-con-full e-flex e-con e-child\" data-id=\"7f6c714\" data-element_type=\"container\" data-settings=\"{&quot;content_width&quot;:&quot;full&quot;,&quot;container_type&quot;:&quot;flex&quot;}\">\n\t\t\t\t<div class=\"elementor-element elementor-element-d9e573e elementor-widget elementor-widget-image\" data-id=\"d9e573e\" data-element_type=\"widget\" data-widget_type=\"image.default\">\n\t\t\t\t<div class=\"elementor-widget-container\">\n\t\t\t\t\t\t\t\t\t\t\t\t\t\t\t\t<a href=\"https:\/\/www.wood-studio-jardin.fr\/app\/uploads\/sites\/88\/2026\/02\/IMG_7144.jpeg\" data-elementor-open-lightbox=\"yes\" data-elementor-lightbox-title=\"Screenshot\" data-e-action-hash=\"#elementor-action%3Aaction%3Dlightbox%26settings%3DeyJpZCI6IjM4MzEwIiwidXJsIjoiaHR0cHM6XC9cL3d3dy53b29kLXN0dWRpby1qYXJkaW4uZnJcL2FwcFwvdXBsb2Fkc1wvc2l0ZXNcLzg4XC8yMDI2XC8wMlwvSU1HXzcxNDQuanBlZyJ9\">\n\t\t\t\t\t\t\t<img decoding=\"async\" width=\"768\" height=\"899\" src=\"https:\/\/www.wood-studio-jardin.fr\/app\/uploads\/sites\/88\/2026\/02\/IMG_7144-768x899.jpeg\" class=\"attachment-medium_large size-medium_large wp-image-38310\" alt=\"\" srcset=\"https:\/\/www.wood-studio-jardin.fr\/app\/uploads\/sites\/88\/2026\/02\/IMG_7144-768x899.jpeg 768w, https:\/\/www.wood-studio-jardin.fr\/app\/uploads\/sites\/88\/2026\/02\/IMG_7144-256x300.jpeg 256w, https:\/\/www.wood-studio-jardin.fr\/app\/uploads\/sites\/88\/2026\/02\/IMG_7144-875x1024.jpeg 875w, https:\/\/www.wood-studio-jardin.fr\/app\/uploads\/sites\/88\/2026\/02\/IMG_7144-600x702.jpeg 600w, https:\/\/www.wood-studio-jardin.fr\/app\/uploads\/sites\/88\/2026\/02\/IMG_7144.jpeg 1260w\" sizes=\"(max-width: 768px) 100vw, 768px\" \/>\t\t\t\t\t\t\t\t<\/a>\n\t\t\t\t\t\t\t\t\t\t\t\t\t\t\t<\/div>\n\t\t\t\t<\/div>\n\t\t\t\t<\/div>\n\t\t<div class=\"elementor-element elementor-element-1820596 e-con-full e-flex e-con e-child\" data-id=\"1820596\" data-element_type=\"container\" data-settings=\"{&quot;content_width&quot;:&quot;full&quot;,&quot;container_type&quot;:&quot;flex&quot;}\">\n\t\t\t\t<div class=\"elementor-element elementor-element-a0a6faa elementor-widget elementor-widget-image\" data-id=\"a0a6faa\" data-element_type=\"widget\" data-widget_type=\"image.default\">\n\t\t\t\t<div class=\"elementor-widget-container\">\n\t\t\t\t\t\t\t\t\t\t\t\t\t\t\t\t<a href=\"https:\/\/www.wood-studio-jardin.fr\/app\/uploads\/sites\/88\/2026\/02\/IMG_5473.jpeg\" data-elementor-open-lightbox=\"yes\" data-elementor-lightbox-title=\"IMG_5473\" data-e-action-hash=\"#elementor-action%3Aaction%3Dlightbox%26settings%3DeyJpZCI6IjM4MzAyIiwidXJsIjoiaHR0cHM6XC9cL3d3dy53b29kLXN0dWRpby1qYXJkaW4uZnJcL2FwcFwvdXBsb2Fkc1wvc2l0ZXNcLzg4XC8yMDI2XC8wMlwvSU1HXzU0NzMuanBlZyJ9\">\n\t\t\t\t\t\t\t<img loading=\"lazy\" decoding=\"async\" width=\"768\" height=\"892\" src=\"https:\/\/www.wood-studio-jardin.fr\/app\/uploads\/sites\/88\/2026\/02\/IMG_5473-768x892.jpeg\" class=\"attachment-medium_large size-medium_large wp-image-38302\" alt=\"\" srcset=\"https:\/\/www.wood-studio-jardin.fr\/app\/uploads\/sites\/88\/2026\/02\/IMG_5473-768x892.jpeg 768w, https:\/\/www.wood-studio-jardin.fr\/app\/uploads\/sites\/88\/2026\/02\/IMG_5473-258x300.jpeg 258w, https:\/\/www.wood-studio-jardin.fr\/app\/uploads\/sites\/88\/2026\/02\/IMG_5473-882x1024.jpeg 882w, https:\/\/www.wood-studio-jardin.fr\/app\/uploads\/sites\/88\/2026\/02\/IMG_5473-600x697.jpeg 600w, https:\/\/www.wood-studio-jardin.fr\/app\/uploads\/sites\/88\/2026\/02\/IMG_5473.jpeg 1170w\" sizes=\"(max-width: 768px) 100vw, 768px\" \/>\t\t\t\t\t\t\t\t<\/a>\n\t\t\t\t\t\t\t\t\t\t\t\t\t\t\t<\/div>\n\t\t\t\t<\/div>\n\t\t\t\t<\/div>\n\t\t\t\t\t<\/div>\n\t\t\t\t<\/div>\n\t\t\t\t<section class=\"elementor-section elementor-top-section elementor-element elementor-element-11f3048 elementor-section-boxed elementor-section-height-default elementor-section-height-default\" data-id=\"11f3048\" data-element_type=\"section\">\n\t\t\t\t\t\t<div class=\"elementor-container elementor-column-gap-default\">\n\t\t\t\t\t<div class=\"elementor-column elementor-col-100 elementor-top-column elementor-element elementor-element-2e43b94\" data-id=\"2e43b94\" data-element_type=\"column\">\n\t\t\t<div class=\"elementor-widget-wrap elementor-element-populated\">\n\t\t\t\t\t\t\t\t<div class=\"elementor-element elementor-element-0a3e56a elementor-widget elementor-widget-heading\" data-id=\"0a3e56a\" data-element_type=\"widget\" data-widget_type=\"heading.default\">\n\t\t\t\t<div class=\"elementor-widget-container\">\n\t\t\t<style>\/*! elementor - v3.18.0 - 20-12-2023 *\/\n.elementor-heading-title{padding:0;margin:0;line-height:1}.elementor-widget-heading .elementor-heading-title[class*=elementor-size-]>a{color:inherit;font-size:inherit;line-height:inherit}.elementor-widget-heading .elementor-heading-title.elementor-size-small{font-size:15px}.elementor-widget-heading .elementor-heading-title.elementor-size-medium{font-size:19px}.elementor-widget-heading .elementor-heading-title.elementor-size-large{font-size:29px}.elementor-widget-heading .elementor-heading-title.elementor-size-xl{font-size:39px}.elementor-widget-heading .elementor-heading-title.elementor-size-xxl{font-size:59px}<\/style><h2 class=\"elementor-heading-title elementor-size-default\">Construire une extension de maison en Bretagne<\/h2>\t\t<\/div>\n\t\t\t\t<\/div>\n\t\t\t\t<div class=\"elementor-element elementor-element-26530b2 elementor-widget elementor-widget-text-editor\" data-id=\"26530b2\" data-element_type=\"widget\" data-widget_type=\"text-editor.default\">\n\t\t\t\t<div class=\"elementor-widget-container\">\n\t\t\t\t\t\t\t<p><b>Sp\u00e9cialiste de l&rsquo;extension de maison ossature bois<\/b>, Wood Studio vous propose ses <b>studios et extensions de maison \u00e0 toit plat<\/b> sur toute la Bretagne jusqu&rsquo;\u00e0 Nantes.<\/p><p><br \/>WOOD STUDIO c\u2019est :<\/p><ul><li>Le choix \u00e9cologique et pratique<\/li><li>Une construction rapide et sans d\u00e9rangements li\u00e9s aux travaux<\/li><li>Un co\u00fbt concurrentiel<\/li><li>Une isolation thermique RE20, c\u2019est-\u00e0-dire du confort \u00e9t\u00e9 comme hiver<\/li><\/ul><p>Nous proposons \u00e9galement un vaste choix de studios de jardin, d\u2019extensions de maison en bois.<br \/>Pour plus d\u2019informations sur nos services, n\u2019h\u00e9sitez pas \u00e0 nous contacter. Nous serions ravis de vous aider \u00e0 concr\u00e9tiser votre projet ossature bois.<\/p>\t\t\t\t\t\t<\/div>\n\t\t\t\t<\/div>\n\t\t\t\t<div class=\"elementor-element elementor-element-197bb49 elementor-align-center elementor-widget__width-auto elementor-widget elementor-widget-button\" data-id=\"197bb49\" data-element_type=\"widget\" data-widget_type=\"button.default\">\n\t\t\t\t<div class=\"elementor-widget-container\">\n\t\t\t\t\t<div class=\"elementor-button-wrapper\">\n\t\t\t<a class=\"elementor-button elementor-button-link elementor-size-sm\" href=\"https:\/\/www.wood-studio-jardin.fr\/contact\/\">\n\t\t\t\t\t\t<span class=\"elementor-button-content-wrapper\">\n\t\t\t\t\t\t<span class=\"elementor-button-text\">Nous contacter<\/span>\n\t\t<\/span>\n\t\t\t\t\t<\/a>\n\t\t<\/div>\n\t\t\t\t<\/div>\n\t\t\t\t<\/div>\n\t\t\t\t\t<\/div>\n\t\t<\/div>\n\t\t\t\t\t\t\t<\/div>\n\t\t<\/section>\n\t\t\t\t\t\t\t<\/div>\n\t\t","protected":false},"featured_media":38313,"template":"","meta":{"_kad_post_transparent":"default","_kad_post_title":"hide","_kad_post_layout":"fullwidth","_kad_post_sidebar_id":"","_kad_post_content_style":"unboxed","_kad_post_vertical_padding":"hide","_kad_post_feature":"hide","_kad_post_feature_position":"","_kad_post_header":false,"_kad_post_footer":false},"categorie_-_realisation":[595],"yoast_head":"<!-- This site is optimized with the Yoast SEO plugin v19.2 - https:\/\/yoast.com\/wordpress\/plugins\/seo\/ -->\n<title>Extension de maison \u00e0 Brest (Finist\u00e8re) - Wood Studio Jardin<\/title>\n<meta name=\"robots\" content=\"index, follow, max-snippet:-1, max-image-preview:large, max-video-preview:-1\" \/>\n<link rel=\"canonical\" href=\"https:\/\/www.wood-studio-jardin.fr\/realisation\/extension-de-maison-a-brest-finistere-2\/\" \/>\n<meta property=\"og:locale\" content=\"fr_FR\" \/>\n<meta property=\"og:type\" content=\"article\" \/>\n<meta property=\"og:url\" content=\"https:\/\/www.wood-studio-jardin.fr\/realisation\/extension-de-maison-a-brest-finistere-2\/\" \/>\n<meta property=\"og:site_name\" content=\"Wood Studio Jardin\" \/>\n<meta property=\"article:modified_time\" content=\"2026-02-16T10:23:42+00:00\" \/>\n<meta property=\"og:image\" content=\"https:\/\/www.wood-studio-jardin.fr\/app\/uploads\/sites\/88\/2026\/02\/IMG_7152.jpeg\" \/>\n\t<meta property=\"og:image:width\" content=\"1126\" \/>\n\t<meta property=\"og:image:height\" content=\"1572\" \/>\n\t<meta property=\"og:image:type\" content=\"image\/jpeg\" \/>\n<meta name=\"author\" content=\"contact@woodstudio.fr\" \/>\n<meta name=\"twitter:card\" content=\"summary_large_image\" \/>\n<meta name=\"twitter:label1\" content=\"Est. reading time\" \/>\n\t<meta name=\"twitter:data1\" content=\"1 minute\" \/>\n<script type=\"application\/ld+json\" class=\"yoast-schema-graph\">{\"@context\":\"https:\/\/schema.org\",\"@graph\":[{\"@type\":\"WebSite\",\"@id\":\"https:\/\/www.wood-studio-jardin.fr\/#website\",\"url\":\"https:\/\/www.wood-studio-jardin.fr\/\",\"name\":\"Wood Studio Jardin\",\"description\":\"Studio de jardin, extension de maison sur Brest, Rennes, Vannes, St-Brieuc, Quimper, Lorient, Dinard, Dinan...\",\"potentialAction\":[{\"@type\":\"SearchAction\",\"target\":{\"@type\":\"EntryPoint\",\"urlTemplate\":\"https:\/\/www.wood-studio-jardin.fr\/?s={search_term_string}\"},\"query-input\":\"required name=search_term_string\"}],\"inLanguage\":\"fr-FR\"},{\"@type\":\"ImageObject\",\"inLanguage\":\"fr-FR\",\"@id\":\"https:\/\/www.wood-studio-jardin.fr\/realisation\/extension-de-maison-a-brest-finistere-2\/#primaryimage\",\"url\":\"https:\/\/www.wood-studio-jardin.fr\/app\/uploads\/sites\/88\/2026\/02\/IMG_7152.jpeg\",\"contentUrl\":\"https:\/\/www.wood-studio-jardin.fr\/app\/uploads\/sites\/88\/2026\/02\/IMG_7152.jpeg\",\"width\":1126,\"height\":1572,\"caption\":\"Screenshot\"},{\"@type\":\"WebPage\",\"@id\":\"https:\/\/www.wood-studio-jardin.fr\/realisation\/extension-de-maison-a-brest-finistere-2\/#webpage\",\"url\":\"https:\/\/www.wood-studio-jardin.fr\/realisation\/extension-de-maison-a-brest-finistere-2\/\",\"name\":\"Extension de maison \u00e0 Brest (Finist\u00e8re) - Wood Studio Jardin\",\"isPartOf\":{\"@id\":\"https:\/\/www.wood-studio-jardin.fr\/#website\"},\"primaryImageOfPage\":{\"@id\":\"https:\/\/www.wood-studio-jardin.fr\/realisation\/extension-de-maison-a-brest-finistere-2\/#primaryimage\"},\"datePublished\":\"2026-02-16T08:58:06+00:00\",\"dateModified\":\"2026-02-16T10:23:42+00:00\",\"breadcrumb\":{\"@id\":\"https:\/\/www.wood-studio-jardin.fr\/realisation\/extension-de-maison-a-brest-finistere-2\/#breadcrumb\"},\"inLanguage\":\"fr-FR\",\"potentialAction\":[{\"@type\":\"ReadAction\",\"target\":[\"https:\/\/www.wood-studio-jardin.fr\/realisation\/extension-de-maison-a-brest-finistere-2\/\"]}]},{\"@type\":\"BreadcrumbList\",\"@id\":\"https:\/\/www.wood-studio-jardin.fr\/realisation\/extension-de-maison-a-brest-finistere-2\/#breadcrumb\",\"itemListElement\":[{\"@type\":\"ListItem\",\"position\":1,\"name\":\"Accueil\",\"item\":\"https:\/\/www.wood-studio-jardin.fr\/\"},{\"@type\":\"ListItem\",\"position\":2,\"name\":\"R\u00e9alisations\",\"item\":\"https:\/\/www.wood-studio-jardin.fr\/realisation\/\"},{\"@type\":\"ListItem\",\"position\":3,\"name\":\"Extension de maison \u00e0 Brest (Finist\u00e8re)\"}]}]}<\/script>\n<!-- \/ Yoast SEO plugin. -->","yoast_head_json":{"title":"Extension de maison \u00e0 Brest (Finist\u00e8re) - Wood Studio Jardin","robots":{"index":"index","follow":"follow","max-snippet":"max-snippet:-1","max-image-preview":"max-image-preview:large","max-video-preview":"max-video-preview:-1"},"canonical":"https:\/\/www.wood-studio-jardin.fr\/realisation\/extension-de-maison-a-brest-finistere-2\/","og_locale":"fr_FR","og_type":"article","og_url":"https:\/\/www.wood-studio-jardin.fr\/realisation\/extension-de-maison-a-brest-finistere-2\/","og_site_name":"Wood Studio Jardin","article_modified_time":"2026-02-16T10:23:42+00:00","og_image":[{"width":1126,"height":1572,"url":"https:\/\/www.wood-studio-jardin.fr\/app\/uploads\/sites\/88\/2026\/02\/IMG_7152.jpeg","type":"image\/jpeg"}],"author":"contact@woodstudio.fr","twitter_card":"summary_large_image","twitter_misc":{"Est. reading time":"1 minute"},"schema":{"@context":"https:\/\/schema.org","@graph":[{"@type":"WebSite","@id":"https:\/\/www.wood-studio-jardin.fr\/#website","url":"https:\/\/www.wood-studio-jardin.fr\/","name":"Wood Studio Jardin","description":"Studio de jardin, extension de maison sur Brest, Rennes, Vannes, St-Brieuc, Quimper, Lorient, Dinard, Dinan...","potentialAction":[{"@type":"SearchAction","target":{"@type":"EntryPoint","urlTemplate":"https:\/\/www.wood-studio-jardin.fr\/?s={search_term_string}"},"query-input":"required name=search_term_string"}],"inLanguage":"fr-FR"},{"@type":"ImageObject","inLanguage":"fr-FR","@id":"https:\/\/www.wood-studio-jardin.fr\/realisation\/extension-de-maison-a-brest-finistere-2\/#primaryimage","url":"https:\/\/www.wood-studio-jardin.fr\/app\/uploads\/sites\/88\/2026\/02\/IMG_7152.jpeg","contentUrl":"https:\/\/www.wood-studio-jardin.fr\/app\/uploads\/sites\/88\/2026\/02\/IMG_7152.jpeg","width":1126,"height":1572,"caption":"Screenshot"},{"@type":"WebPage","@id":"https:\/\/www.wood-studio-jardin.fr\/realisation\/extension-de-maison-a-brest-finistere-2\/#webpage","url":"https:\/\/www.wood-studio-jardin.fr\/realisation\/extension-de-maison-a-brest-finistere-2\/","name":"Extension de maison \u00e0 Brest (Finist\u00e8re) - Wood Studio Jardin","isPartOf":{"@id":"https:\/\/www.wood-studio-jardin.fr\/#website"},"primaryImageOfPage":{"@id":"https:\/\/www.wood-studio-jardin.fr\/realisation\/extension-de-maison-a-brest-finistere-2\/#primaryimage"},"datePublished":"2026-02-16T08:58:06+00:00","dateModified":"2026-02-16T10:23:42+00:00","breadcrumb":{"@id":"https:\/\/www.wood-studio-jardin.fr\/realisation\/extension-de-maison-a-brest-finistere-2\/#breadcrumb"},"inLanguage":"fr-FR","potentialAction":[{"@type":"ReadAction","target":["https:\/\/www.wood-studio-jardin.fr\/realisation\/extension-de-maison-a-brest-finistere-2\/"]}]},{"@type":"BreadcrumbList","@id":"https:\/\/www.wood-studio-jardin.fr\/realisation\/extension-de-maison-a-brest-finistere-2\/#breadcrumb","itemListElement":[{"@type":"ListItem","position":1,"name":"Accueil","item":"https:\/\/www.wood-studio-jardin.fr\/"},{"@type":"ListItem","position":2,"name":"R\u00e9alisations","item":"https:\/\/www.wood-studio-jardin.fr\/realisation\/"},{"@type":"ListItem","position":3,"name":"Extension de maison \u00e0 Brest (Finist\u00e8re)"}]}]}},"_links":{"self":[{"href":"https:\/\/www.wood-studio-jardin.fr\/api\/wp\/v2\/realisation\/38294"}],"collection":[{"href":"https:\/\/www.wood-studio-jardin.fr\/api\/wp\/v2\/realisation"}],"about":[{"href":"https:\/\/www.wood-studio-jardin.fr\/api\/wp\/v2\/types\/realisation"}],"version-history":[{"count":5,"href":"https:\/\/www.wood-studio-jardin.fr\/api\/wp\/v2\/realisation\/38294\/revisions"}],"predecessor-version":[{"id":38324,"href":"https:\/\/www.wood-studio-jardin.fr\/api\/wp\/v2\/realisation\/38294\/revisions\/38324"}],"wp:featuredmedia":[{"embeddable":true,"href":"https:\/\/www.wood-studio-jardin.fr\/api\/wp\/v2\/media\/38313"}],"wp:attachment":[{"href":"https:\/\/www.wood-studio-jardin.fr\/api\/wp\/v2\/media?parent=38294"}],"wp:term":[{"taxonomy":"categorie_-_realisation","embeddable":true,"href":"https:\/\/www.wood-studio-jardin.fr\/api\/wp\/v2\/categorie_-_realisation?post=38294"}],"curies":[{"name":"wp","href":"https:\/\/api.w.org\/{rel}","templated":true}]}}