{"id":36692,"date":"2024-03-05T09:51:19","date_gmt":"2024-03-05T08:51:19","guid":{"rendered":"https:\/\/www.wood-studio-jardin.fr\/?post_type=product&#038;p=36692"},"modified":"2024-12-23T12:34:30","modified_gmt":"2024-12-23T11:34:30","slug":"extension-de-maison-brest-quimper-saint-brieuc-saint-malo-vannes","status":"publish","type":"product","link":"https:\/\/www.wood-studio-jardin.fr\/modeles-studio-jardin-extension-maison\/type\/extension\/extension-de-maison-brest-quimper-saint-brieuc-saint-malo-vannes\/","title":{"rendered":"Extension de maison"},"content":{"rendered":"<p><strong>Extension de maison<\/strong><\/p>\n<p>Agrandissez votre maison gr\u00e2ce \u00e0 notre extension de maison en bois.<\/p>\n<p>Nos agrandissements sont con\u00e7us pour vous offrir une configuration <strong>flexible et fonctionnelle<\/strong> qui s\u2019adapte parfaitement \u00e0 votre maison. Nos extensions vous permettent d\u2019avoir un espace de vie suppl\u00e9mentaire qui donne sur le jardin, ce qui favorise une int\u00e9gration harmonieuse avec votre ext\u00e9rieur.<\/p>\n<p>Nous concevons une v\u00e9ritable extension qui correspond \u00e0 votre projet et qui r\u00e9pond \u00e0 vos exigences en mati\u00e8re d\u2019espace, d\u2019esth\u00e9tique et de fonctionnalit\u00e9.<\/p>\n","protected":false},"excerpt":{"rendered":"<p>Nos agrandissements sont con\u00e7us pour vous offrir une configuration flexible et fonctionnelle qui s\u2019adapte parfaitement \u00e0 votre maison.<\/p>\n","protected":false},"featured_media":36696,"template":"","meta":{"_kad_post_transparent":"default","_kad_post_title":"","_kad_post_layout":"default","_kad_post_sidebar_id":"","_kad_post_content_style":"default","_kad_post_vertical_padding":"default","_kad_post_feature":"","_kad_post_feature_position":"","_kad_post_header":false,"_kad_post_footer":false},"product_cat":[572,623],"product_tag":[],"yoast_head":"<!-- This site is optimized with the Yoast SEO plugin v19.2 - https:\/\/yoast.com\/wordpress\/plugins\/seo\/ -->\n<title>Extension de maison - Wood Studio Jardin<\/title>\n<meta name=\"description\" content=\"Agrandissez votre maison facilement gr\u00e2ce \u00e0 nos modules. Choisissez votre surface : extension de 15m2, extension de 20m2, 30m2 ou sur-mesure\" \/>\n<meta name=\"robots\" content=\"index, follow, max-snippet:-1, max-image-preview:large, max-video-preview:-1\" \/>\n<link rel=\"canonical\" href=\"https:\/\/www.wood-studio-jardin.fr\/modeles-studio-jardin-extension-maison\/type\/extension\/extension-de-maison-brest-quimper-saint-brieuc-saint-malo-vannes\/\" \/>\n<meta property=\"og:locale\" content=\"fr_FR\" \/>\n<meta property=\"og:type\" content=\"article\" \/>\n<meta property=\"og:url\" content=\"https:\/\/www.wood-studio-jardin.fr\/modeles-studio-jardin-extension-maison\/type\/extension\/extension-de-maison-brest-quimper-saint-brieuc-saint-malo-vannes\/\" \/>\n<meta property=\"og:site_name\" content=\"Wood Studio Jardin\" \/>\n<meta property=\"article:modified_time\" content=\"2024-12-23T11:34:30+00:00\" \/>\n<meta property=\"og:image\" content=\"https:\/\/www.wood-studio-jardin.fr\/app\/uploads\/sites\/88\/2024\/03\/EXTENTION-1-scaled.jpg\" \/>\n\t<meta property=\"og:image:width\" content=\"2560\" \/>\n\t<meta property=\"og:image:height\" content=\"1440\" \/>\n\t<meta property=\"og:image:type\" content=\"image\/jpeg\" \/>\n<meta name=\"author\" content=\"contact@woodstudio.fr\" \/>\n<meta name=\"twitter:card\" content=\"summary_large_image\" \/>\n<meta name=\"twitter:label1\" content=\"Prix\" \/>\n\t<meta name=\"twitter:data1\" content=\"35 000&euro;\" \/>\n\t<meta name=\"twitter:label2\" content=\"Availability\" \/>\n\t<meta name=\"twitter:data2\" content=\"In stock\" \/>\n<script type=\"application\/ld+json\" class=\"yoast-schema-graph\">{\"@context\":\"https:\/\/schema.org\",\"@graph\":[{\"@type\":\"WebSite\",\"@id\":\"https:\/\/www.wood-studio-jardin.fr\/#website\",\"url\":\"https:\/\/www.wood-studio-jardin.fr\/\",\"name\":\"Wood Studio Jardin\",\"description\":\"Studio de jardin, extension de maison sur Brest, Rennes, Vannes, St-Brieuc, Quimper, Lorient, Dinard, Dinan...\",\"potentialAction\":[{\"@type\":\"SearchAction\",\"target\":{\"@type\":\"EntryPoint\",\"urlTemplate\":\"https:\/\/www.wood-studio-jardin.fr\/?s={search_term_string}\"},\"query-input\":\"required name=search_term_string\"}],\"inLanguage\":\"fr-FR\"},{\"@type\":\"ImageObject\",\"inLanguage\":\"fr-FR\",\"@id\":\"https:\/\/www.wood-studio-jardin.fr\/modeles-studio-jardin-extension-maison\/type\/extension\/extension-de-maison-brest-quimper-saint-brieuc-saint-malo-vannes\/#primaryimage\",\"url\":\"https:\/\/www.wood-studio-jardin.fr\/app\/uploads\/sites\/88\/2024\/03\/EXTENTION-1-scaled.jpg\",\"contentUrl\":\"https:\/\/www.wood-studio-jardin.fr\/app\/uploads\/sites\/88\/2024\/03\/EXTENTION-1-scaled.jpg\",\"width\":2560,\"height\":1440},{\"@type\":\"WebPage\",\"@id\":\"https:\/\/www.wood-studio-jardin.fr\/modeles-studio-jardin-extension-maison\/type\/extension\/extension-de-maison-brest-quimper-saint-brieuc-saint-malo-vannes\/#webpage\",\"url\":\"https:\/\/www.wood-studio-jardin.fr\/modeles-studio-jardin-extension-maison\/type\/extension\/extension-de-maison-brest-quimper-saint-brieuc-saint-malo-vannes\/\",\"name\":\"Extension de maison - Wood Studio Jardin\",\"isPartOf\":{\"@id\":\"https:\/\/www.wood-studio-jardin.fr\/#website\"},\"primaryImageOfPage\":{\"@id\":\"https:\/\/www.wood-studio-jardin.fr\/modeles-studio-jardin-extension-maison\/type\/extension\/extension-de-maison-brest-quimper-saint-brieuc-saint-malo-vannes\/#primaryimage\"},\"datePublished\":\"2024-03-05T08:51:19+00:00\",\"dateModified\":\"2024-12-23T11:34:30+00:00\",\"description\":\"Agrandissez votre maison facilement gr\u00e2ce \u00e0 nos modules. Choisissez votre surface : extension de 15m2, extension de 20m2, 30m2 ou sur-mesure\",\"breadcrumb\":{\"@id\":\"https:\/\/www.wood-studio-jardin.fr\/modeles-studio-jardin-extension-maison\/type\/extension\/extension-de-maison-brest-quimper-saint-brieuc-saint-malo-vannes\/#breadcrumb\"},\"inLanguage\":\"fr-FR\",\"potentialAction\":[{\"@type\":\"ReadAction\",\"target\":[\"https:\/\/www.wood-studio-jardin.fr\/modeles-studio-jardin-extension-maison\/type\/extension\/extension-de-maison-brest-quimper-saint-brieuc-saint-malo-vannes\/\"]}]},{\"@type\":\"BreadcrumbList\",\"@id\":\"https:\/\/www.wood-studio-jardin.fr\/modeles-studio-jardin-extension-maison\/type\/extension\/extension-de-maison-brest-quimper-saint-brieuc-saint-malo-vannes\/#breadcrumb\",\"itemListElement\":[{\"@type\":\"ListItem\",\"position\":1,\"name\":\"Accueil\",\"item\":\"https:\/\/www.wood-studio-jardin.fr\/\"},{\"@type\":\"ListItem\",\"position\":2,\"name\":\"Mod\u00e8les de studio de jardin\",\"item\":\"https:\/\/www.wood-studio-jardin.fr\/modeles-studio-jardin-extension-maison\/\"},{\"@type\":\"ListItem\",\"position\":3,\"name\":\"Extension de maison\"}]}]}<\/script>\n<meta property=\"product:price:amount\" content=\"35000\" \/>\n<meta property=\"product:price:currency\" content=\"EUR\" \/>\n<meta property=\"og:availability\" content=\"instock\" \/>\n<meta property=\"product:availability\" content=\"instock\" \/>\n<meta property=\"product:retailer_item_id\" content=\"wood-001-1-1-1-1\" \/>\n<meta property=\"product:condition\" content=\"new\" \/>\n<!-- \/ Yoast SEO plugin. -->","yoast_head_json":{"title":"Extension de maison - Wood Studio Jardin","description":"Agrandissez votre maison facilement gr\u00e2ce \u00e0 nos modules. Choisissez votre surface : extension de 15m2, extension de 20m2, 30m2 ou sur-mesure","robots":{"index":"index","follow":"follow","max-snippet":"max-snippet:-1","max-image-preview":"max-image-preview:large","max-video-preview":"max-video-preview:-1"},"canonical":"https:\/\/www.wood-studio-jardin.fr\/modeles-studio-jardin-extension-maison\/type\/extension\/extension-de-maison-brest-quimper-saint-brieuc-saint-malo-vannes\/","og_locale":"fr_FR","og_type":"article","og_url":"https:\/\/www.wood-studio-jardin.fr\/modeles-studio-jardin-extension-maison\/type\/extension\/extension-de-maison-brest-quimper-saint-brieuc-saint-malo-vannes\/","og_site_name":"Wood Studio Jardin","article_modified_time":"2024-12-23T11:34:30+00:00","og_image":[{"width":2560,"height":1440,"url":"https:\/\/www.wood-studio-jardin.fr\/app\/uploads\/sites\/88\/2024\/03\/EXTENTION-1-scaled.jpg","type":"image\/jpeg"}],"author":"contact@woodstudio.fr","twitter_card":"summary_large_image","twitter_misc":{"Prix":"35 000&euro;","Availability":"In stock"},"schema":{"@context":"https:\/\/schema.org","@graph":[{"@type":"WebSite","@id":"https:\/\/www.wood-studio-jardin.fr\/#website","url":"https:\/\/www.wood-studio-jardin.fr\/","name":"Wood Studio Jardin","description":"Studio de jardin, extension de maison sur Brest, Rennes, Vannes, St-Brieuc, Quimper, Lorient, Dinard, Dinan...","potentialAction":[{"@type":"SearchAction","target":{"@type":"EntryPoint","urlTemplate":"https:\/\/www.wood-studio-jardin.fr\/?s={search_term_string}"},"query-input":"required name=search_term_string"}],"inLanguage":"fr-FR"},{"@type":"ImageObject","inLanguage":"fr-FR","@id":"https:\/\/www.wood-studio-jardin.fr\/modeles-studio-jardin-extension-maison\/type\/extension\/extension-de-maison-brest-quimper-saint-brieuc-saint-malo-vannes\/#primaryimage","url":"https:\/\/www.wood-studio-jardin.fr\/app\/uploads\/sites\/88\/2024\/03\/EXTENTION-1-scaled.jpg","contentUrl":"https:\/\/www.wood-studio-jardin.fr\/app\/uploads\/sites\/88\/2024\/03\/EXTENTION-1-scaled.jpg","width":2560,"height":1440},{"@type":"WebPage","@id":"https:\/\/www.wood-studio-jardin.fr\/modeles-studio-jardin-extension-maison\/type\/extension\/extension-de-maison-brest-quimper-saint-brieuc-saint-malo-vannes\/#webpage","url":"https:\/\/www.wood-studio-jardin.fr\/modeles-studio-jardin-extension-maison\/type\/extension\/extension-de-maison-brest-quimper-saint-brieuc-saint-malo-vannes\/","name":"Extension de maison - Wood Studio Jardin","isPartOf":{"@id":"https:\/\/www.wood-studio-jardin.fr\/#website"},"primaryImageOfPage":{"@id":"https:\/\/www.wood-studio-jardin.fr\/modeles-studio-jardin-extension-maison\/type\/extension\/extension-de-maison-brest-quimper-saint-brieuc-saint-malo-vannes\/#primaryimage"},"datePublished":"2024-03-05T08:51:19+00:00","dateModified":"2024-12-23T11:34:30+00:00","description":"Agrandissez votre maison facilement gr\u00e2ce \u00e0 nos modules. Choisissez votre surface : extension de 15m2, extension de 20m2, 30m2 ou sur-mesure","breadcrumb":{"@id":"https:\/\/www.wood-studio-jardin.fr\/modeles-studio-jardin-extension-maison\/type\/extension\/extension-de-maison-brest-quimper-saint-brieuc-saint-malo-vannes\/#breadcrumb"},"inLanguage":"fr-FR","potentialAction":[{"@type":"ReadAction","target":["https:\/\/www.wood-studio-jardin.fr\/modeles-studio-jardin-extension-maison\/type\/extension\/extension-de-maison-brest-quimper-saint-brieuc-saint-malo-vannes\/"]}]},{"@type":"BreadcrumbList","@id":"https:\/\/www.wood-studio-jardin.fr\/modeles-studio-jardin-extension-maison\/type\/extension\/extension-de-maison-brest-quimper-saint-brieuc-saint-malo-vannes\/#breadcrumb","itemListElement":[{"@type":"ListItem","position":1,"name":"Accueil","item":"https:\/\/www.wood-studio-jardin.fr\/"},{"@type":"ListItem","position":2,"name":"Mod\u00e8les de studio de jardin","item":"https:\/\/www.wood-studio-jardin.fr\/modeles-studio-jardin-extension-maison\/"},{"@type":"ListItem","position":3,"name":"Extension de maison"}]}]},"product_price_amount":"35000","product_price_currency":"EUR","og_availability":"instock","product_availability":"instock","product_retailer_item_id":"wood-001-1-1-1-1","product_condition":"new"},"_links":{"self":[{"href":"https:\/\/www.wood-studio-jardin.fr\/api\/wp\/v2\/product\/36692"}],"collection":[{"href":"https:\/\/www.wood-studio-jardin.fr\/api\/wp\/v2\/product"}],"about":[{"href":"https:\/\/www.wood-studio-jardin.fr\/api\/wp\/v2\/types\/product"}],"version-history":[{"count":26,"href":"https:\/\/www.wood-studio-jardin.fr\/api\/wp\/v2\/product\/36692\/revisions"}],"predecessor-version":[{"id":37553,"href":"https:\/\/www.wood-studio-jardin.fr\/api\/wp\/v2\/product\/36692\/revisions\/37553"}],"wp:featuredmedia":[{"embeddable":true,"href":"https:\/\/www.wood-studio-jardin.fr\/api\/wp\/v2\/media\/36696"}],"wp:attachment":[{"href":"https:\/\/www.wood-studio-jardin.fr\/api\/wp\/v2\/media?parent=36692"}],"wp:term":[{"taxonomy":"product_cat","embeddable":true,"href":"https:\/\/www.wood-studio-jardin.fr\/api\/wp\/v2\/product_cat?post=36692"},{"taxonomy":"product_tag","embeddable":true,"href":"https:\/\/www.wood-studio-jardin.fr\/api\/wp\/v2\/product_tag?post=36692"}],"curies":[{"name":"wp","href":"https:\/\/api.w.org\/{rel}","templated":true}]}}