{"id":34409,"date":"2022-04-20T10:53:44","date_gmt":"2022-04-20T09:53:44","guid":{"rendered":"https:\/\/wood-studio-jardin.e-repas.com\/?post_type=product&#038;p=34409"},"modified":"2025-01-08T16:39:48","modified_gmt":"2025-01-08T15:39:48","slug":"studio-27m2-modele-access","status":"publish","type":"product","link":"https:\/\/www.wood-studio-jardin.fr\/modeles-studio-jardin-extension-maison\/surface\/studio-27m2-modele-access\/","title":{"rendered":"Studio 27m\u00b2 &#8211; Mod\u00e8le Access"},"content":{"rendered":"<p>Ce studio de jardin vide est compos\u00e9 de diff\u00e9rents \u00e9l\u00e9ments :<br \/>\n\u2022 Une ossature bois de 145 mm<br \/>\n\u2022 Une isolation \u00e9cologique de 145 mm<br \/>\n\u2022 Un bardage bois DOUGLAS naturel<br \/>\n\u2022 Des fen\u00eatres et ch\u00e2ssis en double vitrage conforme RE 2020<br \/>\n\u2022 Un rev\u00eatement de sol imitation parquet<br \/>\n\u2022 Un habillage murs et plafond en OSB<br \/>\n\u2022 Un r\u00e9seau \u00e9lectrique complet avec interrupteur, prises de courant \u00e9clairage int\u00e9rieur et ext\u00e9rieur.<\/p>\n<p><strong>de nombreuses options sont disponibles pour personnaliser votre studio : cuisine \u00e9quip\u00e9e, salle d&rsquo;eau&#8230;<\/strong><\/p>\n<p>La r\u00e9glementation n&rsquo;impose pas de permis de construire, une simple d\u00e9claration en mairie suffit.<\/p>\n<p>Services inclus<br \/>\n\u2022 Prise en charge des d\u00e9marches administratives avec votre mairie<br \/>\n\u2022 Suivi et r\u00e9alisation du projet avec notre architecte<br \/>\n\u2022 Simulation 3D<br \/>\n\u2022 Installation en 1 jour<\/p>\n","protected":false},"excerpt":{"rendered":"<p>Dimensions : 9.1 x 3 m<br \/>\nMod\u00e8le nu sans \u00e9quipement, <strong>\u00e0 personnaliser selon vos envies<\/strong> &#8211; Cr\u00e9er votre espace \u00e0 vivre sur-mesure !<\/p>\n","protected":false},"featured_media":36031,"template":"","meta":{"_kad_post_transparent":"default","_kad_post_title":"","_kad_post_layout":"default","_kad_post_sidebar_id":"","_kad_post_content_style":"default","_kad_post_vertical_padding":"default","_kad_post_feature":"","_kad_post_feature_position":"","_kad_post_header":false,"_kad_post_footer":false},"product_cat":[603,601,575,572],"product_tag":[621],"yoast_head":"<!-- This site is optimized with the Yoast SEO plugin v19.2 - https:\/\/yoast.com\/wordpress\/plugins\/seo\/ -->\n<title>Studio 27m\u00b2 - Mod\u00e8le Access - Wood Studio Jardin<\/title>\n<meta name=\"robots\" content=\"index, follow, max-snippet:-1, max-image-preview:large, max-video-preview:-1\" \/>\n<link rel=\"canonical\" href=\"https:\/\/www.wood-studio-jardin.fr\/modeles-studio-jardin-extension-maison\/surface\/studio-27m2-modele-access\/\" \/>\n<meta property=\"og:locale\" content=\"fr_FR\" \/>\n<meta property=\"og:type\" content=\"article\" \/>\n<meta property=\"og:url\" content=\"https:\/\/www.wood-studio-jardin.fr\/modeles-studio-jardin-extension-maison\/surface\/studio-27m2-modele-access\/\" \/>\n<meta property=\"og:site_name\" content=\"Wood Studio Jardin\" \/>\n<meta property=\"article:modified_time\" content=\"2025-01-08T15:39:48+00:00\" \/>\n<meta property=\"og:image\" content=\"https:\/\/www.wood-studio-jardin.fr\/app\/uploads\/sites\/88\/2022\/04\/VISUEL-1-STUDIO-27M\u00b2-MODELE-ACCESS-BD.png\" \/>\n\t<meta property=\"og:image:width\" content=\"709\" \/>\n\t<meta property=\"og:image:height\" content=\"399\" \/>\n\t<meta property=\"og:image:type\" content=\"image\/png\" \/>\n<meta name=\"author\" content=\"Bruno\" \/>\n<meta name=\"twitter:card\" content=\"summary_large_image\" \/>\n<meta name=\"twitter:label1\" content=\"Availability\" \/>\n\t<meta name=\"twitter:data1\" content=\"In stock\" \/>\n<script type=\"application\/ld+json\" class=\"yoast-schema-graph\">{\"@context\":\"https:\/\/schema.org\",\"@graph\":[{\"@type\":\"WebSite\",\"@id\":\"https:\/\/www.wood-studio-jardin.fr\/#website\",\"url\":\"https:\/\/www.wood-studio-jardin.fr\/\",\"name\":\"Wood Studio Jardin\",\"description\":\"Studio de jardin, extension de maison sur Brest, Rennes, Vannes, St-Brieuc, Quimper, Lorient, Dinard, Dinan...\",\"potentialAction\":[{\"@type\":\"SearchAction\",\"target\":{\"@type\":\"EntryPoint\",\"urlTemplate\":\"https:\/\/www.wood-studio-jardin.fr\/?s={search_term_string}\"},\"query-input\":\"required name=search_term_string\"}],\"inLanguage\":\"fr-FR\"},{\"@type\":\"ImageObject\",\"inLanguage\":\"fr-FR\",\"@id\":\"https:\/\/www.wood-studio-jardin.fr\/modeles-studio-jardin-extension-maison\/surface\/studio-27m2-modele-access\/#primaryimage\",\"url\":\"https:\/\/www.wood-studio-jardin.fr\/app\/uploads\/sites\/88\/2022\/04\/VISUEL-1-STUDIO-27M\u00b2-MODELE-ACCESS-BD.png\",\"contentUrl\":\"https:\/\/www.wood-studio-jardin.fr\/app\/uploads\/sites\/88\/2022\/04\/VISUEL-1-STUDIO-27M\u00b2-MODELE-ACCESS-BD.png\",\"width\":709,\"height\":399},{\"@type\":\"WebPage\",\"@id\":\"https:\/\/www.wood-studio-jardin.fr\/modeles-studio-jardin-extension-maison\/surface\/studio-27m2-modele-access\/#webpage\",\"url\":\"https:\/\/www.wood-studio-jardin.fr\/modeles-studio-jardin-extension-maison\/surface\/studio-27m2-modele-access\/\",\"name\":\"Studio 27m\u00b2 - Mod\u00e8le Access - Wood Studio Jardin\",\"isPartOf\":{\"@id\":\"https:\/\/www.wood-studio-jardin.fr\/#website\"},\"primaryImageOfPage\":{\"@id\":\"https:\/\/www.wood-studio-jardin.fr\/modeles-studio-jardin-extension-maison\/surface\/studio-27m2-modele-access\/#primaryimage\"},\"datePublished\":\"2022-04-20T09:53:44+00:00\",\"dateModified\":\"2025-01-08T15:39:48+00:00\",\"breadcrumb\":{\"@id\":\"https:\/\/www.wood-studio-jardin.fr\/modeles-studio-jardin-extension-maison\/surface\/studio-27m2-modele-access\/#breadcrumb\"},\"inLanguage\":\"fr-FR\",\"potentialAction\":[{\"@type\":\"ReadAction\",\"target\":[\"https:\/\/www.wood-studio-jardin.fr\/modeles-studio-jardin-extension-maison\/surface\/studio-27m2-modele-access\/\"]}]},{\"@type\":\"BreadcrumbList\",\"@id\":\"https:\/\/www.wood-studio-jardin.fr\/modeles-studio-jardin-extension-maison\/surface\/studio-27m2-modele-access\/#breadcrumb\",\"itemListElement\":[{\"@type\":\"ListItem\",\"position\":1,\"name\":\"Accueil\",\"item\":\"https:\/\/www.wood-studio-jardin.fr\/\"},{\"@type\":\"ListItem\",\"position\":2,\"name\":\"Mod\u00e8les de studio de jardin\",\"item\":\"https:\/\/www.wood-studio-jardin.fr\/modeles-studio-jardin-extension-maison\/\"},{\"@type\":\"ListItem\",\"position\":3,\"name\":\"Studio 27m\u00b2 &#8211; Mod\u00e8le Access\"}]}]}<\/script>\n<meta property=\"og:availability\" content=\"instock\" \/>\n<meta property=\"product:availability\" content=\"instock\" \/>\n<meta property=\"product:retailer_item_id\" content=\"wood-001-1-2-1-1\" \/>\n<meta property=\"product:condition\" content=\"new\" \/>\n<!-- \/ Yoast SEO plugin. -->","yoast_head_json":{"title":"Studio 27m\u00b2 - Mod\u00e8le Access - Wood Studio Jardin","robots":{"index":"index","follow":"follow","max-snippet":"max-snippet:-1","max-image-preview":"max-image-preview:large","max-video-preview":"max-video-preview:-1"},"canonical":"https:\/\/www.wood-studio-jardin.fr\/modeles-studio-jardin-extension-maison\/surface\/studio-27m2-modele-access\/","og_locale":"fr_FR","og_type":"article","og_url":"https:\/\/www.wood-studio-jardin.fr\/modeles-studio-jardin-extension-maison\/surface\/studio-27m2-modele-access\/","og_site_name":"Wood Studio Jardin","article_modified_time":"2025-01-08T15:39:48+00:00","og_image":[{"width":709,"height":399,"url":"https:\/\/www.wood-studio-jardin.fr\/app\/uploads\/sites\/88\/2022\/04\/VISUEL-1-STUDIO-27M\u00b2-MODELE-ACCESS-BD.png","type":"image\/png"}],"author":"Bruno","twitter_card":"summary_large_image","twitter_misc":{"Availability":"In stock"},"schema":{"@context":"https:\/\/schema.org","@graph":[{"@type":"WebSite","@id":"https:\/\/www.wood-studio-jardin.fr\/#website","url":"https:\/\/www.wood-studio-jardin.fr\/","name":"Wood Studio Jardin","description":"Studio de jardin, extension de maison sur Brest, Rennes, Vannes, St-Brieuc, Quimper, Lorient, Dinard, Dinan...","potentialAction":[{"@type":"SearchAction","target":{"@type":"EntryPoint","urlTemplate":"https:\/\/www.wood-studio-jardin.fr\/?s={search_term_string}"},"query-input":"required name=search_term_string"}],"inLanguage":"fr-FR"},{"@type":"ImageObject","inLanguage":"fr-FR","@id":"https:\/\/www.wood-studio-jardin.fr\/modeles-studio-jardin-extension-maison\/surface\/studio-27m2-modele-access\/#primaryimage","url":"https:\/\/www.wood-studio-jardin.fr\/app\/uploads\/sites\/88\/2022\/04\/VISUEL-1-STUDIO-27M\u00b2-MODELE-ACCESS-BD.png","contentUrl":"https:\/\/www.wood-studio-jardin.fr\/app\/uploads\/sites\/88\/2022\/04\/VISUEL-1-STUDIO-27M\u00b2-MODELE-ACCESS-BD.png","width":709,"height":399},{"@type":"WebPage","@id":"https:\/\/www.wood-studio-jardin.fr\/modeles-studio-jardin-extension-maison\/surface\/studio-27m2-modele-access\/#webpage","url":"https:\/\/www.wood-studio-jardin.fr\/modeles-studio-jardin-extension-maison\/surface\/studio-27m2-modele-access\/","name":"Studio 27m\u00b2 - Mod\u00e8le Access - Wood Studio Jardin","isPartOf":{"@id":"https:\/\/www.wood-studio-jardin.fr\/#website"},"primaryImageOfPage":{"@id":"https:\/\/www.wood-studio-jardin.fr\/modeles-studio-jardin-extension-maison\/surface\/studio-27m2-modele-access\/#primaryimage"},"datePublished":"2022-04-20T09:53:44+00:00","dateModified":"2025-01-08T15:39:48+00:00","breadcrumb":{"@id":"https:\/\/www.wood-studio-jardin.fr\/modeles-studio-jardin-extension-maison\/surface\/studio-27m2-modele-access\/#breadcrumb"},"inLanguage":"fr-FR","potentialAction":[{"@type":"ReadAction","target":["https:\/\/www.wood-studio-jardin.fr\/modeles-studio-jardin-extension-maison\/surface\/studio-27m2-modele-access\/"]}]},{"@type":"BreadcrumbList","@id":"https:\/\/www.wood-studio-jardin.fr\/modeles-studio-jardin-extension-maison\/surface\/studio-27m2-modele-access\/#breadcrumb","itemListElement":[{"@type":"ListItem","position":1,"name":"Accueil","item":"https:\/\/www.wood-studio-jardin.fr\/"},{"@type":"ListItem","position":2,"name":"Mod\u00e8les de studio de jardin","item":"https:\/\/www.wood-studio-jardin.fr\/modeles-studio-jardin-extension-maison\/"},{"@type":"ListItem","position":3,"name":"Studio 27m\u00b2 &#8211; Mod\u00e8le Access"}]}]},"og_availability":"instock","product_availability":"instock","product_retailer_item_id":"wood-001-1-2-1-1","product_condition":"new"},"_links":{"self":[{"href":"https:\/\/www.wood-studio-jardin.fr\/api\/wp\/v2\/product\/34409"}],"collection":[{"href":"https:\/\/www.wood-studio-jardin.fr\/api\/wp\/v2\/product"}],"about":[{"href":"https:\/\/www.wood-studio-jardin.fr\/api\/wp\/v2\/types\/product"}],"version-history":[{"count":7,"href":"https:\/\/www.wood-studio-jardin.fr\/api\/wp\/v2\/product\/34409\/revisions"}],"predecessor-version":[{"id":37601,"href":"https:\/\/www.wood-studio-jardin.fr\/api\/wp\/v2\/product\/34409\/revisions\/37601"}],"wp:featuredmedia":[{"embeddable":true,"href":"https:\/\/www.wood-studio-jardin.fr\/api\/wp\/v2\/media\/36031"}],"wp:attachment":[{"href":"https:\/\/www.wood-studio-jardin.fr\/api\/wp\/v2\/media?parent=34409"}],"wp:term":[{"taxonomy":"product_cat","embeddable":true,"href":"https:\/\/www.wood-studio-jardin.fr\/api\/wp\/v2\/product_cat?post=34409"},{"taxonomy":"product_tag","embeddable":true,"href":"https:\/\/www.wood-studio-jardin.fr\/api\/wp\/v2\/product_tag?post=34409"}],"curies":[{"name":"wp","href":"https:\/\/api.w.org\/{rel}","templated":true}]}}