{"id":36734,"date":"2024-03-08T14:57:09","date_gmt":"2024-03-08T13:57:09","guid":{"rendered":"https:\/\/www.wood-studio-jardin.fr\/?page_id=36734"},"modified":"2024-03-15T11:37:10","modified_gmt":"2024-03-15T10:37:10","slug":"nos-agences","status":"publish","type":"page","link":"https:\/\/www.wood-studio-jardin.fr\/nos-agences\/","title":{"rendered":"Nos agences"},"content":{"rendered":"\t\t<div data-elementor-type=\"wp-page\" data-elementor-id=\"36734\" class=\"elementor elementor-36734\">\n\t\t\t\t\t\t\t<div class=\"elementor-element elementor-element-29108bd e-flex e-con-boxed e-con e-parent\" data-id=\"29108bd\" data-element_type=\"container\" data-settings=\"{&quot;container_type&quot;:&quot;flex&quot;,&quot;content_width&quot;:&quot;boxed&quot;}\" data-core-v316-plus=\"true\">\n\t\t\t\t\t<div class=\"e-con-inner\">\n\t\t<div class=\"elementor-element elementor-element-9802839 e-con-full e-flex e-con e-child\" data-id=\"9802839\" data-element_type=\"container\" data-settings=\"{&quot;content_width&quot;:&quot;full&quot;,&quot;container_type&quot;:&quot;flex&quot;}\">\n\t\t\t\t<div class=\"elementor-element elementor-element-cb6c229 elementor-widget__width-initial elementor-widget elementor-widget-heading\" data-id=\"cb6c229\" data-element_type=\"widget\" data-widget_type=\"heading.default\">\n\t\t\t\t<div class=\"elementor-widget-container\">\n\t\t\t<style>\/*! elementor - v3.18.0 - 20-12-2023 *\/\n.elementor-heading-title{padding:0;margin:0;line-height:1}.elementor-widget-heading .elementor-heading-title[class*=elementor-size-]>a{color:inherit;font-size:inherit;line-height:inherit}.elementor-widget-heading .elementor-heading-title.elementor-size-small{font-size:15px}.elementor-widget-heading .elementor-heading-title.elementor-size-medium{font-size:19px}.elementor-widget-heading .elementor-heading-title.elementor-size-large{font-size:29px}.elementor-widget-heading .elementor-heading-title.elementor-size-xl{font-size:39px}.elementor-widget-heading .elementor-heading-title.elementor-size-xxl{font-size:59px}<\/style><h2 class=\"elementor-heading-title elementor-size-default\">Trouvez l'agence la plus pr\u00e8s de chez vous<\/h2>\t\t<\/div>\n\t\t\t\t<\/div>\n\t\t\t\t<div class=\"elementor-element elementor-element-7883554 elementor-widget elementor-widget-text-editor\" data-id=\"7883554\" data-element_type=\"widget\" data-widget_type=\"text-editor.default\">\n\t\t\t\t<div class=\"elementor-widget-container\">\n\t\t\t<style>\/*! elementor - v3.18.0 - 20-12-2023 *\/\n.elementor-widget-text-editor.elementor-drop-cap-view-stacked .elementor-drop-cap{background-color:#69727d;color:#fff}.elementor-widget-text-editor.elementor-drop-cap-view-framed .elementor-drop-cap{color:#69727d;border:3px solid;background-color:transparent}.elementor-widget-text-editor:not(.elementor-drop-cap-view-default) .elementor-drop-cap{margin-top:8px}.elementor-widget-text-editor:not(.elementor-drop-cap-view-default) .elementor-drop-cap-letter{width:1em;height:1em}.elementor-widget-text-editor .elementor-drop-cap{float:left;text-align:center;line-height:1;font-size:50px}.elementor-widget-text-editor .elementor-drop-cap-letter{display:inline-block}<\/style>\t\t\t\t<p>Nos agences en Bretagne vous offrent un service cl\u00e9 en main, prenant en charge l&rsquo;ensemble de votre projet. De la gestion des d\u00e9marches administratives avec votre mairie \u00e0 la livraison et l&rsquo;installation de votre studio, nous veillons \u00e0 chaque \u00e9tape avec soin et professionnalisme. Avec Wood Studio, vous b\u00e9n\u00e9ficiez d&rsquo;<strong>une garantie de 10 ans<\/strong>, assurant la durabilit\u00e9 et la qualit\u00e9 de votre investissement.<\/p><p><br \/>Faites le choix d&rsquo;un studio de jardin qui combine praticit\u00e9 et esth\u00e9tique.<br \/><br \/>Contactez nos agences en Bretagne d\u00e8s aujourd&rsquo;hui pour d\u00e9buter votre projet en toute confiance. <strong>Chez Wood Studio, votre satisfaction est notre priorit\u00e9<\/strong>.<\/p>\t\t\t\t\t\t<\/div>\n\t\t\t\t<\/div>\n\t\t<div class=\"elementor-element elementor-element-4cfbc3f e-flex e-con-boxed e-con e-child\" data-id=\"4cfbc3f\" data-element_type=\"container\" data-settings=\"{&quot;container_type&quot;:&quot;flex&quot;,&quot;content_width&quot;:&quot;boxed&quot;}\">\n\t\t\t\t\t<div class=\"e-con-inner\">\n\t\t\t\t<div class=\"elementor-element elementor-element-bd34412 elementor-widget__width-auto elementor-widget elementor-widget-button\" data-id=\"bd34412\" data-element_type=\"widget\" data-widget_type=\"button.default\">\n\t\t\t\t<div class=\"elementor-widget-container\">\n\t\t\t\t\t<div class=\"elementor-button-wrapper\">\n\t\t\t<a class=\"elementor-button elementor-button-link elementor-size-md\" href=\"https:\/\/www.wood-studio-jardin.fr\/contact\/\">\n\t\t\t\t\t\t<span class=\"elementor-button-content-wrapper\">\n\t\t\t\t\t\t<span class=\"elementor-button-text\">Nous contacter<\/span>\n\t\t<\/span>\n\t\t\t\t\t<\/a>\n\t\t<\/div>\n\t\t\t\t<\/div>\n\t\t\t\t<\/div>\n\t\t\t\t<div class=\"elementor-element elementor-element-7190913 elementor-widget__width-auto elementor-widget elementor-widget-button\" data-id=\"7190913\" data-element_type=\"widget\" data-widget_type=\"button.default\">\n\t\t\t\t<div class=\"elementor-widget-container\">\n\t\t\t\t\t<div class=\"elementor-button-wrapper\">\n\t\t\t<a class=\"elementor-button elementor-button-link elementor-size-md\" href=\"https:\/\/www.wood-studio-jardin.fr\/devenir-franchise\/\">\n\t\t\t\t\t\t<span class=\"elementor-button-content-wrapper\">\n\t\t\t\t\t\t<span class=\"elementor-button-text\">Devenir franchis\u00e9<\/span>\n\t\t<\/span>\n\t\t\t\t\t<\/a>\n\t\t<\/div>\n\t\t\t\t<\/div>\n\t\t\t\t<\/div>\n\t\t\t\t\t<\/div>\n\t\t\t\t<\/div>\n\t\t\t\t<\/div>\n\t\t<div class=\"elementor-element elementor-element-0875f17 e-con-full e-flex e-con e-child\" data-id=\"0875f17\" data-element_type=\"container\" data-settings=\"{&quot;content_width&quot;:&quot;full&quot;,&quot;container_type&quot;:&quot;flex&quot;}\">\n\t\t\t\t<div class=\"elementor-element elementor-element-9078d7a elementor-widget elementor-widget-hotspot\" data-id=\"9078d7a\" data-element_type=\"widget\" data-settings=\"{&quot;hotspot&quot;:[{&quot;hotspot_label&quot;:&quot;Brest&quot;,&quot;hotspot_link&quot;:{&quot;url&quot;:&quot;https:\\\/\\\/www.wood-studio-jardin.fr\\\/wood-studio-dans-le-finistere-a-brest-a-quimper\\\/&quot;,&quot;is_external&quot;:&quot;&quot;,&quot;nofollow&quot;:&quot;&quot;,&quot;custom_attributes&quot;:&quot;&quot;},&quot;hotspot_icon&quot;:{&quot;value&quot;:&quot;fas fa-circle&quot;,&quot;library&quot;:&quot;fa-solid&quot;},&quot;hotspot_custom_size&quot;:&quot;&quot;,&quot;hotspot_height&quot;:null,&quot;hotspot_tooltip_content&quot;:&quot;&quot;,&quot;hotspot_offset_x&quot;:{&quot;unit&quot;:&quot;%&quot;,&quot;size&quot;:11,&quot;sizes&quot;:[]},&quot;hotspot_offset_y&quot;:{&quot;unit&quot;:&quot;%&quot;,&quot;size&quot;:62,&quot;sizes&quot;:[]},&quot;hotspot_tooltip_position&quot;:&quot;&quot;,&quot;hotspot_position&quot;:null,&quot;hotspot_tooltip_width&quot;:null,&quot;_id&quot;:&quot;729b21f&quot;,&quot;__dynamic__&quot;:{&quot;hotspot_link&quot;:&quot;[elementor-tag id=\\&quot;94dd631\\&quot; name=\\&quot;internal-url\\&quot; settings=\\&quot;%7B%22type%22%3A%22post%22%2C%22post_id%22%3A%2237337%22%7D\\&quot;]&quot;},&quot;hotspot_icon_position&quot;:&quot;start&quot;,&quot;hotspot_icon_spacing&quot;:{&quot;unit&quot;:&quot;px&quot;,&quot;size&quot;:&quot;5&quot;,&quot;sizes&quot;:[]},&quot;hotspot_width&quot;:null,&quot;hotspot_horizontal&quot;:&quot;left&quot;,&quot;hotspot_vertical&quot;:&quot;top&quot;,&quot;hotspot_tooltip_text_wrap&quot;:null},{&quot;hotspot_label&quot;:&quot;Vannes&quot;,&quot;hotspot_link&quot;:{&quot;url&quot;:&quot;https:\\\/\\\/www.wood-studio-jardin.fr\\\/wood-studio-dans-le-morbihan-a-vannes-a-lorient\\\/&quot;,&quot;is_external&quot;:&quot;&quot;,&quot;nofollow&quot;:&quot;&quot;,&quot;custom_attributes&quot;:&quot;&quot;},&quot;hotspot_icon&quot;:{&quot;value&quot;:&quot;fas fa-circle&quot;,&quot;library&quot;:&quot;fa-solid&quot;},&quot;hotspot_custom_size&quot;:&quot;&quot;,&quot;hotspot_height&quot;:null,&quot;hotspot_tooltip_content&quot;:&quot;&quot;,&quot;hotspot_offset_x&quot;:{&quot;unit&quot;:&quot;%&quot;,&quot;size&quot;:52,&quot;sizes&quot;:[]},&quot;hotspot_offset_y&quot;:{&quot;unit&quot;:&quot;%&quot;,&quot;size&quot;:89,&quot;sizes&quot;:[]},&quot;hotspot_tooltip_position&quot;:&quot;&quot;,&quot;hotspot_position&quot;:null,&quot;hotspot_tooltip_width&quot;:null,&quot;_id&quot;:&quot;e640164&quot;,&quot;__dynamic__&quot;:{&quot;hotspot_link&quot;:&quot;[elementor-tag id=\\&quot;8a902d3\\&quot; name=\\&quot;internal-url\\&quot; settings=\\&quot;%7B%22type%22%3A%22post%22%2C%22post_id%22%3A%2237341%22%7D\\&quot;]&quot;},&quot;hotspot_offset_y_mobile&quot;:{&quot;unit&quot;:&quot;px&quot;,&quot;size&quot;:90,&quot;sizes&quot;:[]},&quot;hotspot_icon_position&quot;:&quot;start&quot;,&quot;hotspot_icon_spacing&quot;:{&quot;unit&quot;:&quot;px&quot;,&quot;size&quot;:&quot;5&quot;,&quot;sizes&quot;:[]},&quot;hotspot_width&quot;:null,&quot;hotspot_horizontal&quot;:&quot;left&quot;,&quot;hotspot_vertical&quot;:&quot;top&quot;,&quot;hotspot_tooltip_text_wrap&quot;:null},{&quot;hotspot_label&quot;:&quot;Rennes&quot;,&quot;hotspot_link&quot;:{&quot;url&quot;:&quot;https:\\\/\\\/www.wood-studio-jardin.fr\\\/wood-studio-en-ille-et-vilaine-a-rennes-a-saint-malo\\\/&quot;,&quot;is_external&quot;:&quot;&quot;,&quot;nofollow&quot;:&quot;&quot;,&quot;custom_attributes&quot;:&quot;&quot;},&quot;hotspot_icon&quot;:{&quot;value&quot;:&quot;fas fa-circle&quot;,&quot;library&quot;:&quot;fa-solid&quot;},&quot;hotspot_custom_size&quot;:&quot;&quot;,&quot;hotspot_height&quot;:null,&quot;hotspot_tooltip_content&quot;:&quot;&quot;,&quot;hotspot_offset_x&quot;:{&quot;unit&quot;:&quot;%&quot;,&quot;size&quot;:82,&quot;sizes&quot;:[]},&quot;hotspot_offset_y&quot;:{&quot;unit&quot;:&quot;%&quot;,&quot;size&quot;:68,&quot;sizes&quot;:[]},&quot;hotspot_tooltip_position&quot;:&quot;&quot;,&quot;hotspot_position&quot;:null,&quot;hotspot_tooltip_width&quot;:null,&quot;_id&quot;:&quot;c640c28&quot;,&quot;__dynamic__&quot;:{&quot;hotspot_link&quot;:&quot;[elementor-tag id=\\&quot;71442af\\&quot; name=\\&quot;internal-url\\&quot; settings=\\&quot;%7B%22type%22%3A%22post%22%2C%22post_id%22%3A%2237339%22%7D\\&quot;]&quot;},&quot;hotspot_icon_position&quot;:&quot;start&quot;,&quot;hotspot_icon_spacing&quot;:{&quot;unit&quot;:&quot;px&quot;,&quot;size&quot;:&quot;5&quot;,&quot;sizes&quot;:[]},&quot;hotspot_width&quot;:null,&quot;hotspot_horizontal&quot;:&quot;left&quot;,&quot;hotspot_vertical&quot;:&quot;top&quot;,&quot;hotspot_tooltip_text_wrap&quot;:null},{&quot;hotspot_label&quot;:&quot;Saint-Brieuc&quot;,&quot;hotspot_link&quot;:{&quot;url&quot;:&quot;https:\\\/\\\/www.wood-studio-jardin.fr\\\/wood-studio-dans-les-cotes-darmor-a-saint-brieuc-a-guingamp\\\/&quot;,&quot;is_external&quot;:&quot;&quot;,&quot;nofollow&quot;:&quot;&quot;,&quot;custom_attributes&quot;:&quot;&quot;},&quot;hotspot_icon&quot;:{&quot;value&quot;:&quot;fas fa-circle&quot;,&quot;library&quot;:&quot;fa-solid&quot;},&quot;hotspot_custom_size&quot;:&quot;&quot;,&quot;hotspot_height&quot;:null,&quot;hotspot_tooltip_content&quot;:&quot;&quot;,&quot;hotspot_offset_x&quot;:{&quot;unit&quot;:&quot;%&quot;,&quot;size&quot;:54,&quot;sizes&quot;:[]},&quot;hotspot_offset_y&quot;:{&quot;unit&quot;:&quot;%&quot;,&quot;size&quot;:53,&quot;sizes&quot;:[]},&quot;hotspot_tooltip_position&quot;:&quot;&quot;,&quot;hotspot_position&quot;:null,&quot;hotspot_tooltip_width&quot;:null,&quot;_id&quot;:&quot;81caa36&quot;,&quot;__dynamic__&quot;:{&quot;hotspot_link&quot;:&quot;[elementor-tag id=\\&quot;fc18fd0\\&quot; name=\\&quot;internal-url\\&quot; settings=\\&quot;%7B%22type%22%3A%22post%22%2C%22post_id%22%3A%2237335%22%7D\\&quot;]&quot;},&quot;hotspot_icon_position&quot;:&quot;start&quot;,&quot;hotspot_icon_spacing&quot;:{&quot;unit&quot;:&quot;px&quot;,&quot;size&quot;:&quot;5&quot;,&quot;sizes&quot;:[]},&quot;hotspot_width&quot;:null,&quot;hotspot_horizontal&quot;:&quot;left&quot;,&quot;hotspot_vertical&quot;:&quot;top&quot;,&quot;hotspot_tooltip_text_wrap&quot;:null},{&quot;hotspot_label&quot;:&quot;Guingamp&quot;,&quot;hotspot_link&quot;:{&quot;url&quot;:&quot;https:\\\/\\\/www.wood-studio-jardin.fr\\\/wood-studio-dans-les-cotes-darmor-a-saint-brieuc-a-guingamp\\\/&quot;,&quot;is_external&quot;:&quot;&quot;,&quot;nofollow&quot;:&quot;&quot;,&quot;custom_attributes&quot;:&quot;&quot;},&quot;hotspot_icon&quot;:{&quot;value&quot;:&quot;far fa-circle&quot;,&quot;library&quot;:&quot;fa-regular&quot;},&quot;hotspot_custom_size&quot;:&quot;&quot;,&quot;hotspot_height&quot;:null,&quot;hotspot_tooltip_content&quot;:&quot;&quot;,&quot;hotspot_offset_x&quot;:{&quot;unit&quot;:&quot;%&quot;,&quot;size&quot;:30,&quot;sizes&quot;:[]},&quot;hotspot_offset_y&quot;:{&quot;unit&quot;:&quot;%&quot;,&quot;size&quot;:52,&quot;sizes&quot;:[]},&quot;hotspot_tooltip_position&quot;:&quot;&quot;,&quot;hotspot_position&quot;:null,&quot;hotspot_tooltip_width&quot;:null,&quot;_id&quot;:&quot;678f270&quot;,&quot;hotspot_icon_position&quot;:&quot;end&quot;,&quot;hotspot_offset_x_mobile&quot;:{&quot;unit&quot;:&quot;px&quot;,&quot;size&quot;:26,&quot;sizes&quot;:[]},&quot;__dynamic__&quot;:{&quot;hotspot_link&quot;:&quot;[elementor-tag id=\\&quot;d82ad77\\&quot; name=\\&quot;internal-url\\&quot; settings=\\&quot;%7B%22type%22%3A%22post%22%2C%22post_id%22%3A%2237335%22%7D\\&quot;]&quot;},&quot;hotspot_icon_spacing&quot;:{&quot;unit&quot;:&quot;px&quot;,&quot;size&quot;:&quot;5&quot;,&quot;sizes&quot;:[]},&quot;hotspot_width&quot;:null,&quot;hotspot_horizontal&quot;:&quot;left&quot;,&quot;hotspot_vertical&quot;:&quot;top&quot;,&quot;hotspot_tooltip_text_wrap&quot;:null},{&quot;hotspot_label&quot;:&quot;Quimper&quot;,&quot;hotspot_link&quot;:{&quot;url&quot;:&quot;https:\\\/\\\/www.wood-studio-jardin.fr\\\/wood-studio-dans-le-finistere-a-brest-a-quimper\\\/&quot;,&quot;is_external&quot;:&quot;&quot;,&quot;nofollow&quot;:&quot;&quot;,&quot;custom_attributes&quot;:&quot;&quot;},&quot;hotspot_icon&quot;:{&quot;value&quot;:&quot;far fa-circle&quot;,&quot;library&quot;:&quot;fa-regular&quot;},&quot;hotspot_custom_size&quot;:&quot;&quot;,&quot;hotspot_height&quot;:null,&quot;hotspot_tooltip_content&quot;:&quot;&quot;,&quot;hotspot_offset_x&quot;:{&quot;unit&quot;:&quot;%&quot;,&quot;size&quot;:19,&quot;sizes&quot;:[]},&quot;hotspot_offset_y&quot;:{&quot;unit&quot;:&quot;%&quot;,&quot;size&quot;:71,&quot;sizes&quot;:[]},&quot;hotspot_tooltip_position&quot;:&quot;&quot;,&quot;hotspot_position&quot;:null,&quot;hotspot_tooltip_width&quot;:null,&quot;_id&quot;:&quot;8d701ed&quot;,&quot;__dynamic__&quot;:{&quot;hotspot_link&quot;:&quot;[elementor-tag id=\\&quot;05eb8ea\\&quot; name=\\&quot;internal-url\\&quot; settings=\\&quot;%7B%22type%22%3A%22post%22%2C%22post_id%22%3A%2237337%22%7D\\&quot;]&quot;},&quot;hotspot_icon_position&quot;:&quot;start&quot;,&quot;hotspot_icon_spacing&quot;:{&quot;unit&quot;:&quot;px&quot;,&quot;size&quot;:&quot;5&quot;,&quot;sizes&quot;:[]},&quot;hotspot_width&quot;:null,&quot;hotspot_horizontal&quot;:&quot;left&quot;,&quot;hotspot_vertical&quot;:&quot;top&quot;,&quot;hotspot_tooltip_text_wrap&quot;:null},{&quot;hotspot_label&quot;:&quot;Saint-Malo&quot;,&quot;hotspot_link&quot;:{&quot;url&quot;:&quot;https:\\\/\\\/www.wood-studio-jardin.fr\\\/wood-studio-en-ille-et-vilaine-a-rennes-a-saint-malo\\\/&quot;,&quot;is_external&quot;:&quot;&quot;,&quot;nofollow&quot;:&quot;&quot;,&quot;custom_attributes&quot;:&quot;&quot;},&quot;hotspot_icon&quot;:{&quot;value&quot;:&quot;far fa-circle&quot;,&quot;library&quot;:&quot;fa-regular&quot;},&quot;hotspot_custom_size&quot;:&quot;&quot;,&quot;hotspot_height&quot;:null,&quot;hotspot_tooltip_content&quot;:&quot;&quot;,&quot;hotspot_offset_x&quot;:{&quot;unit&quot;:&quot;%&quot;,&quot;size&quot;:77,&quot;sizes&quot;:[]},&quot;hotspot_offset_y&quot;:{&quot;unit&quot;:&quot;%&quot;,&quot;size&quot;:49,&quot;sizes&quot;:[]},&quot;hotspot_tooltip_position&quot;:&quot;&quot;,&quot;hotspot_position&quot;:null,&quot;hotspot_tooltip_width&quot;:null,&quot;_id&quot;:&quot;8ff4ba2&quot;,&quot;__dynamic__&quot;:{&quot;hotspot_link&quot;:&quot;[elementor-tag id=\\&quot;a68bb00\\&quot; name=\\&quot;internal-url\\&quot; settings=\\&quot;%7B%22type%22%3A%22post%22%2C%22post_id%22%3A%2237339%22%7D\\&quot;]&quot;},&quot;hotspot_icon_position&quot;:&quot;start&quot;,&quot;hotspot_icon_spacing&quot;:{&quot;unit&quot;:&quot;px&quot;,&quot;size&quot;:&quot;5&quot;,&quot;sizes&quot;:[]},&quot;hotspot_width&quot;:null,&quot;hotspot_horizontal&quot;:&quot;left&quot;,&quot;hotspot_vertical&quot;:&quot;top&quot;,&quot;hotspot_tooltip_text_wrap&quot;:null},{&quot;hotspot_label&quot;:&quot;Lorient&quot;,&quot;hotspot_link&quot;:{&quot;url&quot;:&quot;https:\\\/\\\/www.wood-studio-jardin.fr\\\/wood-studio-dans-le-morbihan-a-vannes-a-lorient\\\/&quot;,&quot;is_external&quot;:&quot;&quot;,&quot;nofollow&quot;:&quot;&quot;,&quot;custom_attributes&quot;:&quot;&quot;},&quot;hotspot_icon&quot;:{&quot;value&quot;:&quot;far fa-circle&quot;,&quot;library&quot;:&quot;fa-regular&quot;},&quot;hotspot_custom_size&quot;:&quot;&quot;,&quot;hotspot_height&quot;:null,&quot;hotspot_tooltip_content&quot;:&quot;&quot;,&quot;hotspot_offset_x&quot;:{&quot;unit&quot;:&quot;%&quot;,&quot;size&quot;:32,&quot;sizes&quot;:[]},&quot;hotspot_offset_y&quot;:{&quot;unit&quot;:&quot;%&quot;,&quot;size&quot;:81,&quot;sizes&quot;:[]},&quot;hotspot_tooltip_position&quot;:&quot;&quot;,&quot;hotspot_position&quot;:null,&quot;hotspot_tooltip_width&quot;:null,&quot;_id&quot;:&quot;eda120b&quot;,&quot;__dynamic__&quot;:{&quot;hotspot_link&quot;:&quot;[elementor-tag id=\\&quot;a45afef\\&quot; name=\\&quot;internal-url\\&quot; settings=\\&quot;%7B%22type%22%3A%22post%22%2C%22post_id%22%3A%2237341%22%7D\\&quot;]&quot;},&quot;hotspot_offset_x_mobile&quot;:{&quot;unit&quot;:&quot;px&quot;,&quot;size&quot;:32,&quot;sizes&quot;:[]},&quot;hotspot_offset_y_mobile&quot;:{&quot;unit&quot;:&quot;px&quot;,&quot;size&quot;:83,&quot;sizes&quot;:[]},&quot;hotspot_icon_position&quot;:&quot;start&quot;,&quot;hotspot_icon_spacing&quot;:{&quot;unit&quot;:&quot;px&quot;,&quot;size&quot;:&quot;5&quot;,&quot;sizes&quot;:[]},&quot;hotspot_width&quot;:null,&quot;hotspot_horizontal&quot;:&quot;left&quot;,&quot;hotspot_vertical&quot;:&quot;top&quot;,&quot;hotspot_tooltip_text_wrap&quot;:null}],&quot;hotspot_sequenced_animation&quot;:&quot;yes&quot;,&quot;tooltip_position&quot;:&quot;left&quot;,&quot;tooltip_trigger&quot;:&quot;none&quot;,&quot;hotspot_sequenced_animation_duration&quot;:{&quot;unit&quot;:&quot;px&quot;,&quot;size&quot;:&quot;&quot;,&quot;sizes&quot;:[]}}\" data-widget_type=\"hotspot.default\">\n\t\t\t\t<div class=\"elementor-widget-container\">\n\t\t\t<link rel=\"stylesheet\" href=\"https:\/\/www.wood-studio-jardin.fr\/app\/plugins\/elementor-pro\/assets\/css\/widget-hotspot.min.css\"><img fetchpriority=\"high\" decoding=\"async\" width=\"720\" height=\"693\" src=\"https:\/\/www.wood-studio-jardin.fr\/app\/uploads\/sites\/88\/2024\/03\/carte-1.jpg\" class=\"attachment-large size-large wp-image-37012\" alt=\"\" srcset=\"https:\/\/www.wood-studio-jardin.fr\/app\/uploads\/sites\/88\/2024\/03\/carte-1.jpg 720w, https:\/\/www.wood-studio-jardin.fr\/app\/uploads\/sites\/88\/2024\/03\/carte-1-300x289.jpg 300w, https:\/\/www.wood-studio-jardin.fr\/app\/uploads\/sites\/88\/2024\/03\/carte-1-600x578.jpg 600w\" sizes=\"(max-width: 720px) 100vw, 720px\" \/>\n\t\t\t\t\t\t<a class=\"e-hotspot elementor-repeater-item-729b21f e-hotspot--sequenced e-hotspot--position-left e-hotspot--position-top e-hotspot--link \" href=\"https:\/\/www.wood-studio-jardin.fr\/wood-studio-dans-le-finistere-a-brest-a-quimper\/\">\n\n\t\t\t\t\t\t\t\t<div class=\"e-hotspot__button e-hotspot--expand\">\n\t\t\t\t\t\t\t\t\t\t\t\t\t\t\t\t\t\t<div class=\"e-hotspot__icon\"><svg class=\"e-font-icon-svg e-fas-circle\" viewBox=\"0 0 512 512\" xmlns=\"http:\/\/www.w3.org\/2000\/svg\"><path d=\"M256 8C119 8 8 119 8 256s111 248 248 248 248-111 248-248S393 8 256 8z\"><\/path><\/svg><\/div>\n\t\t\t\t\t\t\t\t\t\t\t\t\t\t\t\t\t\t\t<div class=\"e-hotspot__label\">Brest<\/div>\n\t\t\t\t\t\t\t\t\t\t\t\t\t\t\t<\/div>\n\n\t\t\t\t\t\t\t\t\n\t\t\t<\/a>\n\n\t\n\t\t\t\t\t\t<a class=\"e-hotspot elementor-repeater-item-e640164 e-hotspot--sequenced e-hotspot--position-left e-hotspot--position-top e-hotspot--link \" href=\"https:\/\/www.wood-studio-jardin.fr\/wood-studio-dans-le-morbihan-a-vannes-a-lorient\/\">\n\n\t\t\t\t\t\t\t\t<div class=\"e-hotspot__button e-hotspot--expand\">\n\t\t\t\t\t\t\t\t\t\t\t\t\t\t\t\t\t\t<div class=\"e-hotspot__icon\"><svg class=\"e-font-icon-svg e-fas-circle\" viewBox=\"0 0 512 512\" xmlns=\"http:\/\/www.w3.org\/2000\/svg\"><path d=\"M256 8C119 8 8 119 8 256s111 248 248 248 248-111 248-248S393 8 256 8z\"><\/path><\/svg><\/div>\n\t\t\t\t\t\t\t\t\t\t\t\t\t\t\t\t\t\t\t<div class=\"e-hotspot__label\">Vannes<\/div>\n\t\t\t\t\t\t\t\t\t\t\t\t\t\t\t<\/div>\n\n\t\t\t\t\t\t\t\t\n\t\t\t<\/a>\n\n\t\n\t\t\t\t\t\t<a class=\"e-hotspot elementor-repeater-item-c640c28 e-hotspot--sequenced e-hotspot--position-left e-hotspot--position-top e-hotspot--link \" href=\"https:\/\/www.wood-studio-jardin.fr\/wood-studio-en-ille-et-vilaine-a-rennes-a-saint-malo\/\">\n\n\t\t\t\t\t\t\t\t<div class=\"e-hotspot__button e-hotspot--expand\">\n\t\t\t\t\t\t\t\t\t\t\t\t\t\t\t\t\t\t<div class=\"e-hotspot__icon\"><svg class=\"e-font-icon-svg e-fas-circle\" viewBox=\"0 0 512 512\" xmlns=\"http:\/\/www.w3.org\/2000\/svg\"><path d=\"M256 8C119 8 8 119 8 256s111 248 248 248 248-111 248-248S393 8 256 8z\"><\/path><\/svg><\/div>\n\t\t\t\t\t\t\t\t\t\t\t\t\t\t\t\t\t\t\t<div class=\"e-hotspot__label\">Rennes<\/div>\n\t\t\t\t\t\t\t\t\t\t\t\t\t\t\t<\/div>\n\n\t\t\t\t\t\t\t\t\n\t\t\t<\/a>\n\n\t\n\t\t\t\t\t\t<a class=\"e-hotspot elementor-repeater-item-81caa36 e-hotspot--sequenced e-hotspot--position-left e-hotspot--position-top e-hotspot--link \" href=\"https:\/\/www.wood-studio-jardin.fr\/wood-studio-dans-les-cotes-darmor-a-saint-brieuc-a-guingamp\/\">\n\n\t\t\t\t\t\t\t\t<div class=\"e-hotspot__button e-hotspot--expand\">\n\t\t\t\t\t\t\t\t\t\t\t\t\t\t\t\t\t\t<div class=\"e-hotspot__icon\"><svg class=\"e-font-icon-svg e-fas-circle\" viewBox=\"0 0 512 512\" xmlns=\"http:\/\/www.w3.org\/2000\/svg\"><path d=\"M256 8C119 8 8 119 8 256s111 248 248 248 248-111 248-248S393 8 256 8z\"><\/path><\/svg><\/div>\n\t\t\t\t\t\t\t\t\t\t\t\t\t\t\t\t\t\t\t<div class=\"e-hotspot__label\">Saint-Brieuc<\/div>\n\t\t\t\t\t\t\t\t\t\t\t\t\t\t\t<\/div>\n\n\t\t\t\t\t\t\t\t\n\t\t\t<\/a>\n\n\t\n\t\t\t\t\t\t<a class=\"e-hotspot elementor-repeater-item-678f270 e-hotspot--sequenced e-hotspot--position-left e-hotspot--position-top e-hotspot--link \" href=\"https:\/\/www.wood-studio-jardin.fr\/wood-studio-dans-les-cotes-darmor-a-saint-brieuc-a-guingamp\/\">\n\n\t\t\t\t\t\t\t\t<div class=\"e-hotspot__button e-hotspot--expand\">\n\t\t\t\t\t\t\t\t\t\t\t\t\t\t\t\t\t\t<div class=\"e-hotspot__icon\"><svg class=\"e-font-icon-svg e-far-circle\" viewBox=\"0 0 512 512\" xmlns=\"http:\/\/www.w3.org\/2000\/svg\"><path d=\"M256 8C119 8 8 119 8 256s111 248 248 248 248-111 248-248S393 8 256 8zm0 448c-110.5 0-200-89.5-200-200S145.5 56 256 56s200 89.5 200 200-89.5 200-200 200z\"><\/path><\/svg><\/div>\n\t\t\t\t\t\t\t\t\t\t\t\t\t\t\t\t\t\t\t<div class=\"e-hotspot__label\">Guingamp<\/div>\n\t\t\t\t\t\t\t\t\t\t\t\t\t\t\t<\/div>\n\n\t\t\t\t\t\t\t\t\n\t\t\t<\/a>\n\n\t\n\t\t\t\t\t\t<a class=\"e-hotspot elementor-repeater-item-8d701ed e-hotspot--sequenced e-hotspot--position-left e-hotspot--position-top e-hotspot--link \" href=\"https:\/\/www.wood-studio-jardin.fr\/wood-studio-dans-le-finistere-a-brest-a-quimper\/\">\n\n\t\t\t\t\t\t\t\t<div class=\"e-hotspot__button e-hotspot--expand\">\n\t\t\t\t\t\t\t\t\t\t\t\t\t\t\t\t\t\t<div class=\"e-hotspot__icon\"><svg class=\"e-font-icon-svg e-far-circle\" viewBox=\"0 0 512 512\" xmlns=\"http:\/\/www.w3.org\/2000\/svg\"><path d=\"M256 8C119 8 8 119 8 256s111 248 248 248 248-111 248-248S393 8 256 8zm0 448c-110.5 0-200-89.5-200-200S145.5 56 256 56s200 89.5 200 200-89.5 200-200 200z\"><\/path><\/svg><\/div>\n\t\t\t\t\t\t\t\t\t\t\t\t\t\t\t\t\t\t\t<div class=\"e-hotspot__label\">Quimper<\/div>\n\t\t\t\t\t\t\t\t\t\t\t\t\t\t\t<\/div>\n\n\t\t\t\t\t\t\t\t\n\t\t\t<\/a>\n\n\t\n\t\t\t\t\t\t<a class=\"e-hotspot elementor-repeater-item-8ff4ba2 e-hotspot--sequenced e-hotspot--position-left e-hotspot--position-top e-hotspot--link \" href=\"https:\/\/www.wood-studio-jardin.fr\/wood-studio-en-ille-et-vilaine-a-rennes-a-saint-malo\/\">\n\n\t\t\t\t\t\t\t\t<div class=\"e-hotspot__button e-hotspot--expand\">\n\t\t\t\t\t\t\t\t\t\t\t\t\t\t\t\t\t\t<div class=\"e-hotspot__icon\"><svg class=\"e-font-icon-svg e-far-circle\" viewBox=\"0 0 512 512\" xmlns=\"http:\/\/www.w3.org\/2000\/svg\"><path d=\"M256 8C119 8 8 119 8 256s111 248 248 248 248-111 248-248S393 8 256 8zm0 448c-110.5 0-200-89.5-200-200S145.5 56 256 56s200 89.5 200 200-89.5 200-200 200z\"><\/path><\/svg><\/div>\n\t\t\t\t\t\t\t\t\t\t\t\t\t\t\t\t\t\t\t<div class=\"e-hotspot__label\">Saint-Malo<\/div>\n\t\t\t\t\t\t\t\t\t\t\t\t\t\t\t<\/div>\n\n\t\t\t\t\t\t\t\t\n\t\t\t<\/a>\n\n\t\n\t\t\t\t\t\t<a class=\"e-hotspot elementor-repeater-item-eda120b e-hotspot--sequenced e-hotspot--position-left e-hotspot--position-top e-hotspot--link \" href=\"https:\/\/www.wood-studio-jardin.fr\/wood-studio-dans-le-morbihan-a-vannes-a-lorient\/\">\n\n\t\t\t\t\t\t\t\t<div class=\"e-hotspot__button e-hotspot--expand\">\n\t\t\t\t\t\t\t\t\t\t\t\t\t\t\t\t\t\t<div class=\"e-hotspot__icon\"><svg class=\"e-font-icon-svg e-far-circle\" viewBox=\"0 0 512 512\" xmlns=\"http:\/\/www.w3.org\/2000\/svg\"><path d=\"M256 8C119 8 8 119 8 256s111 248 248 248 248-111 248-248S393 8 256 8zm0 448c-110.5 0-200-89.5-200-200S145.5 56 256 56s200 89.5 200 200-89.5 200-200 200z\"><\/path><\/svg><\/div>\n\t\t\t\t\t\t\t\t\t\t\t\t\t\t\t\t\t\t\t<div class=\"e-hotspot__label\">Lorient<\/div>\n\t\t\t\t\t\t\t\t\t\t\t\t\t\t\t<\/div>\n\n\t\t\t\t\t\t\t\t\n\t\t\t<\/a>\n\n\t\n\t\t\t\t<\/div>\n\t\t\t\t<\/div>\n\t\t\t\t<div class=\"elementor-element elementor-element-77673db elementor-widget elementor-widget-text-editor\" data-id=\"77673db\" data-element_type=\"widget\" data-widget_type=\"text-editor.default\">\n\t\t\t\t<div class=\"elementor-widget-container\">\n\t\t\t\t\t\t\t<p>Cliquez sur la ville de votre choix pour s\u00e9lectionner votre contact local<\/p>\t\t\t\t\t\t<\/div>\n\t\t\t\t<\/div>\n\t\t\t\t<\/div>\n\t\t\t\t\t<\/div>\n\t\t\t\t<\/div>\n\t\t<div class=\"elementor-element elementor-element-d36fb7b e-flex e-con-boxed e-con e-parent\" data-id=\"d36fb7b\" data-element_type=\"container\" data-settings=\"{&quot;background_background&quot;:&quot;classic&quot;,&quot;container_type&quot;:&quot;flex&quot;,&quot;content_width&quot;:&quot;boxed&quot;}\" data-e-bg-lazyload=\"\" data-core-v316-plus=\"true\">\n\t\t\t\t\t<div class=\"e-con-inner\">\n\t\t\t\t<div class=\"elementor-element elementor-element-59221f6 elementor-widget__width-initial elementor-widget elementor-widget-heading\" data-id=\"59221f6\" data-element_type=\"widget\" data-widget_type=\"heading.default\">\n\t\t\t\t<div class=\"elementor-widget-container\">\n\t\t\t<h2 class=\"elementor-heading-title elementor-size-default\">Retrouvez Wood Studio \u00e0 Brest, Lorient, Vannes, Rennes...<\/h2>\t\t<\/div>\n\t\t\t\t<\/div>\n\t\t\t\t<div class=\"elementor-element elementor-element-af2154b elementor-widget__width-initial elementor-widget elementor-widget-heading\" data-id=\"af2154b\" data-element_type=\"widget\" data-widget_type=\"heading.default\">\n\t\t\t\t<div class=\"elementor-widget-container\">\n\t\t\t<h3 class=\"elementor-heading-title elementor-size-default\">D\u00e9couvrez nos agences en Bretagne, au c\u0153ur de votre r\u00e9gion pour concr\u00e9tiser votre projet de studio \u00e0 ossature bois.<\/h3>\t\t<\/div>\n\t\t\t\t<\/div>\n\t\t\t\t<div class=\"elementor-element elementor-element-f70247c elementor-widget-divider--view-line elementor-widget elementor-widget-divider\" data-id=\"f70247c\" data-element_type=\"widget\" data-widget_type=\"divider.default\">\n\t\t\t\t<div class=\"elementor-widget-container\">\n\t\t\t<style>\/*! elementor - v3.18.0 - 20-12-2023 *\/\n.elementor-widget-divider{--divider-border-style:none;--divider-border-width:1px;--divider-color:#0c0d0e;--divider-icon-size:20px;--divider-element-spacing:10px;--divider-pattern-height:24px;--divider-pattern-size:20px;--divider-pattern-url:none;--divider-pattern-repeat:repeat-x}.elementor-widget-divider .elementor-divider{display:flex}.elementor-widget-divider .elementor-divider__text{font-size:15px;line-height:1;max-width:95%}.elementor-widget-divider .elementor-divider__element{margin:0 var(--divider-element-spacing);flex-shrink:0}.elementor-widget-divider .elementor-icon{font-size:var(--divider-icon-size)}.elementor-widget-divider .elementor-divider-separator{display:flex;margin:0;direction:ltr}.elementor-widget-divider--view-line_icon .elementor-divider-separator,.elementor-widget-divider--view-line_text .elementor-divider-separator{align-items:center}.elementor-widget-divider--view-line_icon .elementor-divider-separator:after,.elementor-widget-divider--view-line_icon .elementor-divider-separator:before,.elementor-widget-divider--view-line_text .elementor-divider-separator:after,.elementor-widget-divider--view-line_text .elementor-divider-separator:before{display:block;content:\"\";border-bottom:0;flex-grow:1;border-top:var(--divider-border-width) var(--divider-border-style) var(--divider-color)}.elementor-widget-divider--element-align-left .elementor-divider .elementor-divider-separator>.elementor-divider__svg:first-of-type{flex-grow:0;flex-shrink:100}.elementor-widget-divider--element-align-left .elementor-divider-separator:before{content:none}.elementor-widget-divider--element-align-left .elementor-divider__element{margin-left:0}.elementor-widget-divider--element-align-right .elementor-divider .elementor-divider-separator>.elementor-divider__svg:last-of-type{flex-grow:0;flex-shrink:100}.elementor-widget-divider--element-align-right .elementor-divider-separator:after{content:none}.elementor-widget-divider--element-align-right .elementor-divider__element{margin-right:0}.elementor-widget-divider:not(.elementor-widget-divider--view-line_text):not(.elementor-widget-divider--view-line_icon) .elementor-divider-separator{border-top:var(--divider-border-width) var(--divider-border-style) var(--divider-color)}.elementor-widget-divider--separator-type-pattern{--divider-border-style:none}.elementor-widget-divider--separator-type-pattern.elementor-widget-divider--view-line .elementor-divider-separator,.elementor-widget-divider--separator-type-pattern:not(.elementor-widget-divider--view-line) .elementor-divider-separator:after,.elementor-widget-divider--separator-type-pattern:not(.elementor-widget-divider--view-line) .elementor-divider-separator:before,.elementor-widget-divider--separator-type-pattern:not([class*=elementor-widget-divider--view]) .elementor-divider-separator{width:100%;min-height:var(--divider-pattern-height);-webkit-mask-size:var(--divider-pattern-size) 100%;mask-size:var(--divider-pattern-size) 100%;-webkit-mask-repeat:var(--divider-pattern-repeat);mask-repeat:var(--divider-pattern-repeat);background-color:var(--divider-color);-webkit-mask-image:var(--divider-pattern-url);mask-image:var(--divider-pattern-url)}.elementor-widget-divider--no-spacing{--divider-pattern-size:auto}.elementor-widget-divider--bg-round{--divider-pattern-repeat:round}.rtl .elementor-widget-divider .elementor-divider__text{direction:rtl}.e-con-inner>.elementor-widget-divider,.e-con>.elementor-widget-divider{width:var(--container-widget-width,100%);--flex-grow:var(--container-widget-flex-grow)}<\/style>\t\t<div class=\"elementor-divider\">\n\t\t\t<span class=\"elementor-divider-separator\">\n\t\t\t\t\t\t<\/span>\n\t\t<\/div>\n\t\t\t\t<\/div>\n\t\t\t\t<\/div>\n\t\t\t\t<div class=\"elementor-element elementor-element-0f0f63b elementor-widget__width-initial elementor-widget elementor-widget-text-editor\" data-id=\"0f0f63b\" data-element_type=\"widget\" data-widget_type=\"text-editor.default\">\n\t\t\t\t<div class=\"elementor-widget-container\">\n\t\t\t\t\t\t\t<p>Wood Studio s&rsquo;engage \u00e0 offrir une conception de qualit\u00e9 pour votre futur espace de vie. Nos studios de jardin sont con\u00e7us pour r\u00e9pondre \u00e0 vos besoins avec excellence.<\/p>\t\t\t\t\t\t<\/div>\n\t\t\t\t<\/div>\n\t\t<div class=\"elementor-element elementor-element-c3e945f e-grid e-con-boxed e-con e-child\" data-id=\"c3e945f\" data-element_type=\"container\" data-settings=\"{&quot;container_type&quot;:&quot;grid&quot;,&quot;grid_rows_grid&quot;:{&quot;unit&quot;:&quot;fr&quot;,&quot;size&quot;:1,&quot;sizes&quot;:[]},&quot;content_width&quot;:&quot;boxed&quot;,&quot;grid_outline&quot;:&quot;yes&quot;,&quot;grid_columns_grid&quot;:{&quot;unit&quot;:&quot;fr&quot;,&quot;size&quot;:3,&quot;sizes&quot;:[]},&quot;grid_columns_grid_tablet&quot;:{&quot;unit&quot;:&quot;fr&quot;,&quot;size&quot;:&quot;&quot;,&quot;sizes&quot;:[]},&quot;grid_columns_grid_mobile&quot;:{&quot;unit&quot;:&quot;fr&quot;,&quot;size&quot;:1,&quot;sizes&quot;:[]},&quot;grid_rows_grid_tablet&quot;:{&quot;unit&quot;:&quot;fr&quot;,&quot;size&quot;:&quot;&quot;,&quot;sizes&quot;:[]},&quot;grid_rows_grid_mobile&quot;:{&quot;unit&quot;:&quot;fr&quot;,&quot;size&quot;:&quot;&quot;,&quot;sizes&quot;:[]},&quot;grid_auto_flow&quot;:&quot;row&quot;,&quot;grid_auto_flow_tablet&quot;:&quot;row&quot;,&quot;grid_auto_flow_mobile&quot;:&quot;row&quot;}\">\n\t\t\t\t\t<div class=\"e-con-inner\">\n\t\t\t\t<div class=\"elementor-element elementor-element-3163823 elementor-cta--skin-classic elementor-animated-content elementor-bg-transform elementor-bg-transform-zoom-in elementor-widget elementor-widget-call-to-action\" data-id=\"3163823\" data-element_type=\"widget\" data-widget_type=\"call-to-action.default\">\n\t\t\t\t<div class=\"elementor-widget-container\">\n\t\t\t<link rel=\"stylesheet\" href=\"https:\/\/www.wood-studio-jardin.fr\/app\/plugins\/elementor-pro\/assets\/css\/widget-call-to-action.min.css\">\t\t<a class=\"elementor-cta\" href=\"https:\/\/www.wood-studio-jardin.fr\/wood-studio-dans-le-finistere-a-brest-a-quimper\/\">\n\t\t\t\t\t<div class=\"elementor-cta__bg-wrapper\">\n\t\t\t\t<div class=\"elementor-cta__bg elementor-bg\" style=\"background-image: url(https:\/\/www.wood-studio-jardin.fr\/app\/uploads\/sites\/88\/2024\/03\/Brest.jpg);\"><\/div>\n\t\t\t\t<div class=\"elementor-cta__bg-overlay\"><\/div>\n\t\t\t<\/div>\n\t\t\t\t\t\t\t<div class=\"elementor-cta__content\">\n\t\t\t\t\n\t\t\t\t<h4 class=\"elementor-cta__title elementor-cta__content-item elementor-content-item\">Brest (29)\u200b<\/h4>\n\t\t\t\t\n\t\t\t\t\t\t\t<\/div>\n\t\t\t\t\t\t<\/a>\n\t\t\t\t<\/div>\n\t\t\t\t<\/div>\n\t\t\t\t<div class=\"elementor-element elementor-element-1be0a00 elementor-cta--skin-classic elementor-animated-content elementor-bg-transform elementor-bg-transform-zoom-in elementor-widget elementor-widget-call-to-action\" data-id=\"1be0a00\" data-element_type=\"widget\" data-widget_type=\"call-to-action.default\">\n\t\t\t\t<div class=\"elementor-widget-container\">\n\t\t\t\t\t<a class=\"elementor-cta\" href=\"https:\/\/www.wood-studio-jardin.fr\/wood-studio-dans-le-finistere-a-brest-a-quimper\/\">\n\t\t\t\t\t<div class=\"elementor-cta__bg-wrapper\">\n\t\t\t\t<div class=\"elementor-cta__bg elementor-bg\" style=\"background-image: url(https:\/\/www.wood-studio-jardin.fr\/app\/uploads\/sites\/88\/2024\/03\/Quimper.jpg);\"><\/div>\n\t\t\t\t<div class=\"elementor-cta__bg-overlay\"><\/div>\n\t\t\t<\/div>\n\t\t\t\t\t\t\t<div class=\"elementor-cta__content\">\n\t\t\t\t\n\t\t\t\t<h4 class=\"elementor-cta__title elementor-cta__content-item elementor-content-item\">Quimper (29)\u200b<\/h4>\n\t\t\t\t\n\t\t\t\t\t\t\t<\/div>\n\t\t\t\t\t\t<\/a>\n\t\t\t\t<\/div>\n\t\t\t\t<\/div>\n\t\t\t\t<div class=\"elementor-element elementor-element-749e79a elementor-cta--skin-classic elementor-animated-content elementor-bg-transform elementor-bg-transform-zoom-in elementor-widget elementor-widget-call-to-action\" data-id=\"749e79a\" data-element_type=\"widget\" data-widget_type=\"call-to-action.default\">\n\t\t\t\t<div class=\"elementor-widget-container\">\n\t\t\t\t\t<a class=\"elementor-cta\" href=\"https:\/\/www.wood-studio-jardin.fr\/wood-studio-dans-le-morbihan-a-vannes-a-lorient\/\">\n\t\t\t\t\t<div class=\"elementor-cta__bg-wrapper\">\n\t\t\t\t<div class=\"elementor-cta__bg elementor-bg\" style=\"background-image: url(https:\/\/www.wood-studio-jardin.fr\/app\/uploads\/sites\/88\/2024\/03\/Vannes.jpg);\"><\/div>\n\t\t\t\t<div class=\"elementor-cta__bg-overlay\"><\/div>\n\t\t\t<\/div>\n\t\t\t\t\t\t\t<div class=\"elementor-cta__content\">\n\t\t\t\t\n\t\t\t\t<h4 class=\"elementor-cta__title elementor-cta__content-item elementor-content-item\">Vannes (56)\u200b<\/h4>\n\t\t\t\t\n\t\t\t\t\t\t\t<\/div>\n\t\t\t\t\t\t<\/a>\n\t\t\t\t<\/div>\n\t\t\t\t<\/div>\n\t\t\t\t<div class=\"elementor-element elementor-element-8de59ae elementor-cta--skin-classic elementor-animated-content elementor-bg-transform elementor-bg-transform-zoom-in elementor-widget elementor-widget-call-to-action\" data-id=\"8de59ae\" data-element_type=\"widget\" data-widget_type=\"call-to-action.default\">\n\t\t\t\t<div class=\"elementor-widget-container\">\n\t\t\t\t\t<a class=\"elementor-cta\" href=\"https:\/\/www.wood-studio-jardin.fr\/wood-studio-dans-le-morbihan-a-vannes-a-lorient\/\">\n\t\t\t\t\t<div class=\"elementor-cta__bg-wrapper\">\n\t\t\t\t<div class=\"elementor-cta__bg elementor-bg\" style=\"background-image: url(https:\/\/www.wood-studio-jardin.fr\/app\/uploads\/sites\/88\/2024\/03\/Vannes-1.jpg);\"><\/div>\n\t\t\t\t<div class=\"elementor-cta__bg-overlay\"><\/div>\n\t\t\t<\/div>\n\t\t\t\t\t\t\t<div class=\"elementor-cta__content\">\n\t\t\t\t\n\t\t\t\t<h4 class=\"elementor-cta__title elementor-cta__content-item elementor-content-item\">Lorient (56)\u200b<\/h4>\n\t\t\t\t\n\t\t\t\t\t\t\t<\/div>\n\t\t\t\t\t\t<\/a>\n\t\t\t\t<\/div>\n\t\t\t\t<\/div>\n\t\t\t\t<div class=\"elementor-element elementor-element-a4f86da elementor-cta--skin-classic elementor-animated-content elementor-bg-transform elementor-bg-transform-zoom-in elementor-widget elementor-widget-call-to-action\" data-id=\"a4f86da\" data-element_type=\"widget\" data-widget_type=\"call-to-action.default\">\n\t\t\t\t<div class=\"elementor-widget-container\">\n\t\t\t\t\t<a class=\"elementor-cta\" href=\"https:\/\/www.wood-studio-jardin.fr\/wood-studio-en-ille-et-vilaine-a-rennes-a-saint-malo\/\">\n\t\t\t\t\t<div class=\"elementor-cta__bg-wrapper\">\n\t\t\t\t<div class=\"elementor-cta__bg elementor-bg\" style=\"background-image: url(https:\/\/www.wood-studio-jardin.fr\/app\/uploads\/sites\/88\/2024\/03\/Rennes.jpg);\"><\/div>\n\t\t\t\t<div class=\"elementor-cta__bg-overlay\"><\/div>\n\t\t\t<\/div>\n\t\t\t\t\t\t\t<div class=\"elementor-cta__content\">\n\t\t\t\t\n\t\t\t\t<h4 class=\"elementor-cta__title elementor-cta__content-item elementor-content-item\">Rennes (35)\u200b<\/h4>\n\t\t\t\t\n\t\t\t\t\t\t\t<\/div>\n\t\t\t\t\t\t<\/a>\n\t\t\t\t<\/div>\n\t\t\t\t<\/div>\n\t\t\t\t<div class=\"elementor-element elementor-element-31c33c6 elementor-cta--skin-classic elementor-animated-content elementor-bg-transform elementor-bg-transform-zoom-in elementor-widget elementor-widget-call-to-action\" data-id=\"31c33c6\" data-element_type=\"widget\" data-widget_type=\"call-to-action.default\">\n\t\t\t\t<div class=\"elementor-widget-container\">\n\t\t\t\t\t<a class=\"elementor-cta\" href=\"https:\/\/www.wood-studio-jardin.fr\/wood-studio-en-ille-et-vilaine-a-rennes-a-saint-malo\/\">\n\t\t\t\t\t<div class=\"elementor-cta__bg-wrapper\">\n\t\t\t\t<div class=\"elementor-cta__bg elementor-bg\" style=\"background-image: url(https:\/\/www.wood-studio-jardin.fr\/app\/uploads\/sites\/88\/2024\/03\/st-malo.jpg);\"><\/div>\n\t\t\t\t<div class=\"elementor-cta__bg-overlay\"><\/div>\n\t\t\t<\/div>\n\t\t\t\t\t\t\t<div class=\"elementor-cta__content\">\n\t\t\t\t\n\t\t\t\t<h4 class=\"elementor-cta__title elementor-cta__content-item elementor-content-item\">Saint-Malo (35)\u200b<\/h4>\n\t\t\t\t\n\t\t\t\t\t\t\t<\/div>\n\t\t\t\t\t\t<\/a>\n\t\t\t\t<\/div>\n\t\t\t\t<\/div>\n\t\t\t\t<div class=\"elementor-element elementor-element-d207053 elementor-cta--skin-classic elementor-animated-content elementor-bg-transform elementor-bg-transform-zoom-in elementor-widget elementor-widget-call-to-action\" data-id=\"d207053\" data-element_type=\"widget\" data-widget_type=\"call-to-action.default\">\n\t\t\t\t<div class=\"elementor-widget-container\">\n\t\t\t\t\t<a class=\"elementor-cta\" href=\"https:\/\/www.wood-studio-jardin.fr\/wood-studio-dans-les-cotes-darmor-a-saint-brieuc-a-guingamp\/\">\n\t\t\t\t\t<div class=\"elementor-cta__bg-wrapper\">\n\t\t\t\t<div class=\"elementor-cta__bg elementor-bg\" style=\"background-image: url(https:\/\/www.wood-studio-jardin.fr\/app\/uploads\/sites\/88\/2024\/03\/Saint-brieuc.jpg);\"><\/div>\n\t\t\t\t<div class=\"elementor-cta__bg-overlay\"><\/div>\n\t\t\t<\/div>\n\t\t\t\t\t\t\t<div class=\"elementor-cta__content\">\n\t\t\t\t\n\t\t\t\t<h4 class=\"elementor-cta__title elementor-cta__content-item elementor-content-item\">Saint-Brieuc (22)\u200b<\/h4>\n\t\t\t\t\n\t\t\t\t\t\t\t<\/div>\n\t\t\t\t\t\t<\/a>\n\t\t\t\t<\/div>\n\t\t\t\t<\/div>\n\t\t\t\t<div class=\"elementor-element elementor-element-bc25b1f elementor-cta--skin-classic elementor-animated-content elementor-bg-transform elementor-bg-transform-zoom-in elementor-widget elementor-widget-call-to-action\" data-id=\"bc25b1f\" data-element_type=\"widget\" data-widget_type=\"call-to-action.default\">\n\t\t\t\t<div class=\"elementor-widget-container\">\n\t\t\t\t\t<a class=\"elementor-cta\" href=\"https:\/\/www.wood-studio-jardin.fr\/wood-studio-dans-les-cotes-darmor-a-saint-brieuc-a-guingamp\/\">\n\t\t\t\t\t<div class=\"elementor-cta__bg-wrapper\">\n\t\t\t\t<div class=\"elementor-cta__bg elementor-bg\" style=\"background-image: url(https:\/\/www.wood-studio-jardin.fr\/app\/uploads\/sites\/88\/2024\/03\/Guingamp.jpg);\"><\/div>\n\t\t\t\t<div class=\"elementor-cta__bg-overlay\"><\/div>\n\t\t\t<\/div>\n\t\t\t\t\t\t\t<div class=\"elementor-cta__content\">\n\t\t\t\t\n\t\t\t\t<h4 class=\"elementor-cta__title elementor-cta__content-item elementor-content-item\">Guingamp (22)\u200b<\/h4>\n\t\t\t\t\n\t\t\t\t\t\t\t<\/div>\n\t\t\t\t\t\t<\/a>\n\t\t\t\t<\/div>\n\t\t\t\t<\/div>\n\t\t\t\t\t<\/div>\n\t\t\t\t<\/div>\n\t\t\t\t<div class=\"elementor-element elementor-element-cf3508e elementor-widget elementor-widget-button\" data-id=\"cf3508e\" data-element_type=\"widget\" data-widget_type=\"button.default\">\n\t\t\t\t<div class=\"elementor-widget-container\">\n\t\t\t\t\t<div class=\"elementor-button-wrapper\">\n\t\t\t<a class=\"elementor-button elementor-button-link elementor-size-md\" href=\"https:\/\/www.wood-studio-jardin.fr\/devenir-franchise\/\">\n\t\t\t\t\t\t<span class=\"elementor-button-content-wrapper\">\n\t\t\t\t\t\t<span class=\"elementor-button-text\">Devenir franchis\u00e9<\/span>\n\t\t<\/span>\n\t\t\t\t\t<\/a>\n\t\t<\/div>\n\t\t\t\t<\/div>\n\t\t\t\t<\/div>\n\t\t\t\t\t<\/div>\n\t\t\t\t<\/div>\n\t\t\t\t\t\t\t<\/div>\n\t\t","protected":false},"excerpt":{"rendered":"<p>Trouvez l&rsquo;agence la plus pr\u00e8s de chez vous Nos agences en Bretagne vous offrent un service cl\u00e9 en main, prenant en charge l&rsquo;ensemble de votre projet. De la gestion des d\u00e9marches administratives avec votre mairie \u00e0 la livraison et l&rsquo;installation de votre studio, nous veillons \u00e0 chaque \u00e9tape avec soin et professionnalisme. Avec Wood Studio,&#8230;<\/p>\n","protected":false},"author":2785,"featured_media":36683,"parent":0,"menu_order":0,"comment_status":"closed","ping_status":"closed","template":"","meta":{"_kad_post_transparent":"default","_kad_post_title":"hide","_kad_post_layout":"fullwidth","_kad_post_sidebar_id":"","_kad_post_content_style":"unboxed","_kad_post_vertical_padding":"hide","_kad_post_feature":"hide","_kad_post_feature_position":"","_kad_post_header":false,"_kad_post_footer":false,"footnotes":""},"yoast_head":"<!-- This site is optimized with the Yoast SEO plugin v19.2 - https:\/\/yoast.com\/wordpress\/plugins\/seo\/ -->\n<title>Nos agences - Wood Studio Jardin<\/title>\n<meta name=\"robots\" content=\"index, follow, max-snippet:-1, max-image-preview:large, max-video-preview:-1\" \/>\n<link rel=\"canonical\" href=\"https:\/\/www.wood-studio-jardin.fr\/nos-agences\/\" \/>\n<meta property=\"og:locale\" content=\"fr_FR\" \/>\n<meta property=\"og:type\" content=\"article\" \/>\n<meta property=\"og:url\" content=\"https:\/\/www.wood-studio-jardin.fr\/nos-agences\/\" \/>\n<meta property=\"og:site_name\" content=\"Wood Studio Jardin\" \/>\n<meta property=\"article:modified_time\" content=\"2024-03-15T10:37:10+00:00\" \/>\n<meta property=\"og:image\" content=\"https:\/\/www.wood-studio-jardin.fr\/app\/uploads\/sites\/88\/2024\/03\/salon-1-scaled.jpg\" \/>\n\t<meta property=\"og:image:width\" content=\"2560\" \/>\n\t<meta property=\"og:image:height\" content=\"1707\" \/>\n\t<meta property=\"og:image:type\" content=\"image\/jpeg\" \/>\n<meta name=\"author\" content=\"Laly\" \/>\n<meta name=\"twitter:card\" content=\"summary_large_image\" \/>\n<meta name=\"twitter:label1\" content=\"Est. reading time\" \/>\n\t<meta name=\"twitter:data1\" content=\"1 minute\" \/>\n<script type=\"application\/ld+json\" class=\"yoast-schema-graph\">{\"@context\":\"https:\/\/schema.org\",\"@graph\":[{\"@type\":\"WebSite\",\"@id\":\"https:\/\/www.wood-studio-jardin.fr\/#website\",\"url\":\"https:\/\/www.wood-studio-jardin.fr\/\",\"name\":\"Wood Studio Jardin\",\"description\":\"Studio de jardin, extension de maison sur Brest, Rennes, Vannes, St-Brieuc, Quimper, Lorient, Dinard, Dinan...\",\"potentialAction\":[{\"@type\":\"SearchAction\",\"target\":{\"@type\":\"EntryPoint\",\"urlTemplate\":\"https:\/\/www.wood-studio-jardin.fr\/?s={search_term_string}\"},\"query-input\":\"required name=search_term_string\"}],\"inLanguage\":\"fr-FR\"},{\"@type\":\"ImageObject\",\"inLanguage\":\"fr-FR\",\"@id\":\"https:\/\/www.wood-studio-jardin.fr\/nos-agences\/#primaryimage\",\"url\":\"https:\/\/www.wood-studio-jardin.fr\/app\/uploads\/sites\/88\/2024\/03\/salon-1-scaled.jpg\",\"contentUrl\":\"https:\/\/www.wood-studio-jardin.fr\/app\/uploads\/sites\/88\/2024\/03\/salon-1-scaled.jpg\",\"width\":2560,\"height\":1707},{\"@type\":\"WebPage\",\"@id\":\"https:\/\/www.wood-studio-jardin.fr\/nos-agences\/#webpage\",\"url\":\"https:\/\/www.wood-studio-jardin.fr\/nos-agences\/\",\"name\":\"Nos agences - Wood Studio Jardin\",\"isPartOf\":{\"@id\":\"https:\/\/www.wood-studio-jardin.fr\/#website\"},\"primaryImageOfPage\":{\"@id\":\"https:\/\/www.wood-studio-jardin.fr\/nos-agences\/#primaryimage\"},\"datePublished\":\"2024-03-08T13:57:09+00:00\",\"dateModified\":\"2024-03-15T10:37:10+00:00\",\"breadcrumb\":{\"@id\":\"https:\/\/www.wood-studio-jardin.fr\/nos-agences\/#breadcrumb\"},\"inLanguage\":\"fr-FR\",\"potentialAction\":[{\"@type\":\"ReadAction\",\"target\":[\"https:\/\/www.wood-studio-jardin.fr\/nos-agences\/\"]}]},{\"@type\":\"BreadcrumbList\",\"@id\":\"https:\/\/www.wood-studio-jardin.fr\/nos-agences\/#breadcrumb\",\"itemListElement\":[{\"@type\":\"ListItem\",\"position\":1,\"name\":\"Accueil\",\"item\":\"https:\/\/www.wood-studio-jardin.fr\/\"},{\"@type\":\"ListItem\",\"position\":2,\"name\":\"Nos agences\"}]}]}<\/script>\n<!-- \/ Yoast SEO plugin. -->","yoast_head_json":{"title":"Nos agences - Wood Studio Jardin","robots":{"index":"index","follow":"follow","max-snippet":"max-snippet:-1","max-image-preview":"max-image-preview:large","max-video-preview":"max-video-preview:-1"},"canonical":"https:\/\/www.wood-studio-jardin.fr\/nos-agences\/","og_locale":"fr_FR","og_type":"article","og_url":"https:\/\/www.wood-studio-jardin.fr\/nos-agences\/","og_site_name":"Wood Studio Jardin","article_modified_time":"2024-03-15T10:37:10+00:00","og_image":[{"width":2560,"height":1707,"url":"https:\/\/www.wood-studio-jardin.fr\/app\/uploads\/sites\/88\/2024\/03\/salon-1-scaled.jpg","type":"image\/jpeg"}],"author":"Laly","twitter_card":"summary_large_image","twitter_misc":{"Est. reading time":"1 minute"},"schema":{"@context":"https:\/\/schema.org","@graph":[{"@type":"WebSite","@id":"https:\/\/www.wood-studio-jardin.fr\/#website","url":"https:\/\/www.wood-studio-jardin.fr\/","name":"Wood Studio Jardin","description":"Studio de jardin, extension de maison sur Brest, Rennes, Vannes, St-Brieuc, Quimper, Lorient, Dinard, Dinan...","potentialAction":[{"@type":"SearchAction","target":{"@type":"EntryPoint","urlTemplate":"https:\/\/www.wood-studio-jardin.fr\/?s={search_term_string}"},"query-input":"required name=search_term_string"}],"inLanguage":"fr-FR"},{"@type":"ImageObject","inLanguage":"fr-FR","@id":"https:\/\/www.wood-studio-jardin.fr\/nos-agences\/#primaryimage","url":"https:\/\/www.wood-studio-jardin.fr\/app\/uploads\/sites\/88\/2024\/03\/salon-1-scaled.jpg","contentUrl":"https:\/\/www.wood-studio-jardin.fr\/app\/uploads\/sites\/88\/2024\/03\/salon-1-scaled.jpg","width":2560,"height":1707},{"@type":"WebPage","@id":"https:\/\/www.wood-studio-jardin.fr\/nos-agences\/#webpage","url":"https:\/\/www.wood-studio-jardin.fr\/nos-agences\/","name":"Nos agences - Wood Studio Jardin","isPartOf":{"@id":"https:\/\/www.wood-studio-jardin.fr\/#website"},"primaryImageOfPage":{"@id":"https:\/\/www.wood-studio-jardin.fr\/nos-agences\/#primaryimage"},"datePublished":"2024-03-08T13:57:09+00:00","dateModified":"2024-03-15T10:37:10+00:00","breadcrumb":{"@id":"https:\/\/www.wood-studio-jardin.fr\/nos-agences\/#breadcrumb"},"inLanguage":"fr-FR","potentialAction":[{"@type":"ReadAction","target":["https:\/\/www.wood-studio-jardin.fr\/nos-agences\/"]}]},{"@type":"BreadcrumbList","@id":"https:\/\/www.wood-studio-jardin.fr\/nos-agences\/#breadcrumb","itemListElement":[{"@type":"ListItem","position":1,"name":"Accueil","item":"https:\/\/www.wood-studio-jardin.fr\/"},{"@type":"ListItem","position":2,"name":"Nos agences"}]}]}},"_links":{"self":[{"href":"https:\/\/www.wood-studio-jardin.fr\/api\/wp\/v2\/pages\/36734"}],"collection":[{"href":"https:\/\/www.wood-studio-jardin.fr\/api\/wp\/v2\/pages"}],"about":[{"href":"https:\/\/www.wood-studio-jardin.fr\/api\/wp\/v2\/types\/page"}],"author":[{"embeddable":true,"href":"https:\/\/www.wood-studio-jardin.fr\/api\/wp\/v2\/users\/2785"}],"replies":[{"embeddable":true,"href":"https:\/\/www.wood-studio-jardin.fr\/api\/wp\/v2\/comments?post=36734"}],"version-history":[{"count":136,"href":"https:\/\/www.wood-studio-jardin.fr\/api\/wp\/v2\/pages\/36734\/revisions"}],"predecessor-version":[{"id":37379,"href":"https:\/\/www.wood-studio-jardin.fr\/api\/wp\/v2\/pages\/36734\/revisions\/37379"}],"wp:featuredmedia":[{"embeddable":true,"href":"https:\/\/www.wood-studio-jardin.fr\/api\/wp\/v2\/media\/36683"}],"wp:attachment":[{"href":"https:\/\/www.wood-studio-jardin.fr\/api\/wp\/v2\/media?parent=36734"}],"curies":[{"name":"wp","href":"https:\/\/api.w.org\/{rel}","templated":true}]}}