{"id":23329,"date":"2020-10-12T15:28:55","date_gmt":"2020-10-12T15:28:55","guid":{"rendered":"https:\/\/boucherie-jaunet.e-repas.com\/?page_id=23329"},"modified":"2024-03-27T15:24:18","modified_gmt":"2024-03-27T14:24:18","slug":"conditions-generales-de-ventes","status":"publish","type":"page","link":"https:\/\/www.wood-studio-jardin.fr\/conditions-generales-de-ventes\/","title":{"rendered":"Conditions g\u00e9n\u00e9rales de ventes"},"content":{"rendered":"\t\t<div data-elementor-type=\"wp-page\" data-elementor-id=\"23329\" class=\"elementor elementor-23329\">\n\t\t\t\t\t\t\t\t\t<section class=\"elementor-section elementor-top-section elementor-element elementor-element-1ddf0831 elementor-section-boxed elementor-section-height-default elementor-section-height-default\" data-id=\"1ddf0831\" data-element_type=\"section\">\n\t\t\t\t\t\t<div class=\"elementor-container elementor-column-gap-default\">\n\t\t\t\t\t<div class=\"elementor-column elementor-col-100 elementor-top-column elementor-element elementor-element-619ca32f\" data-id=\"619ca32f\" data-element_type=\"column\">\n\t\t\t<div class=\"elementor-widget-wrap elementor-element-populated\">\n\t\t\t\t\t\t\t\t<div class=\"elementor-element elementor-element-2854e3a2 elementor-widget elementor-widget-text-editor\" data-id=\"2854e3a2\" data-element_type=\"widget\" data-widget_type=\"text-editor.default\">\n\t\t\t\t<div class=\"elementor-widget-container\">\n\t\t\t<style>\/*! elementor - v3.18.0 - 20-12-2023 *\/\n.elementor-widget-text-editor.elementor-drop-cap-view-stacked .elementor-drop-cap{background-color:#69727d;color:#fff}.elementor-widget-text-editor.elementor-drop-cap-view-framed .elementor-drop-cap{color:#69727d;border:3px solid;background-color:transparent}.elementor-widget-text-editor:not(.elementor-drop-cap-view-default) .elementor-drop-cap{margin-top:8px}.elementor-widget-text-editor:not(.elementor-drop-cap-view-default) .elementor-drop-cap-letter{width:1em;height:1em}.elementor-widget-text-editor .elementor-drop-cap{float:left;text-align:center;line-height:1;font-size:50px}.elementor-widget-text-editor .elementor-drop-cap-letter{display:inline-block}<\/style>\t\t\t\tToute commande de travaux implique de la part du client l\u2019acceptation sans r\u00e9serve des conditions g\u00e9n\u00e9rales ci-dessous et la renonciation \u00e0 ses propres conditions, sauf convention sp\u00e9ciale contraire \u00e9crite.<br><br><br>\n<b>Article 1 &#8211; VALIDIT\u00c9<\/b><br><br>\nNotre offre est valable jusqu\u2019au dernier du mois pour lequel l\u2019offre a \u00e9t\u00e9 \u00e9tabli. Toute commande pass\u00e9e apr\u00e8s ce d\u00e9lai doit entra\u00eener une confirmation de notre part. Hors cas particulier la signature par le client du devis ou de la commande l\u2019engage de fa\u00e7on ferme et d\u00e9finitive.\nLes travaux sont express\u00e9ment limit\u00e9s \u00e0 ceux qui sont sp\u00e9cifi\u00e9s dans la notice descriptive, le devis ou la commande. Les travaux suppl\u00e9mentaires ainsi que les travaux d\u2019entretien \u00e9ventuels feront l\u2019objet d\u2019un devis compl\u00e9mentaire accept\u00e9 au pr\u00e9alable.<br><br><br>\n<b>Article 2 &#8211; PROPRI\u00c9T\u00c9 DES DEVIS ET DES PLANS<\/b><br><br>\nNos devis, dessins, plans, descriptifs et documents de travail restent notre propri\u00e9t\u00e9 exclusive. Leur communication \u00e0 d\u2019autres entreprises ou tiers est interdite et passible de dommages-int\u00e9r\u00eats. Ils doivent \u00eatre rendus s\u2019ils ne sont pas suivis d\u2019une commande.<br><br><br>\n<b>Article 3 &#8211; D\u00c9LAIS<\/b><br><br>\nLes d\u00e9lais de livraison ne sont donn\u00e9s qu\u2019\u00e0 titre indicatif sauf stipulation contraire indiqu\u00e9e sur le devis. Nous sommes d\u00e9gag\u00e9s de tout engagement relatif aux d\u00e9lais de livraison dans le cas :\n&#8211; o\u00f9 les conditions de paiement n\u2019ont pas \u00e9t\u00e9 observ\u00e9es par le client,\n&#8211; de retard apport\u00e9 \u00e0 la remise de l\u2019ordre d\u2019ex\u00e9cution,\n&#8211; de modification du programme des travaux,\n&#8211; de retard des autres corps d\u2019\u00c9tat,\n&#8211; de travaux suppl\u00e9mentaires,\n&#8211; o\u00f9 les locaux \u00e0 am\u00e9nager ne sont pas mis \u00e0 notre disposition \u00e0 la date pr\u00e9vue,\n&#8211; de force majeure ou d\u2019\u00e9v\u00e9nements tels que : guerre, gr\u00e8ve de l\u2019entreprise ou de l\u2019un de ses fournisseurs, emp\u00eachement de transport, incendie, intemp\u00e9ries, ou encore rupture de stock du fournisseur.<br><br><br>\n<b>Article 4 &#8211; CONDITIONS D\u2019EX\u00c9CUTION<\/b><br><br>\nNous ne sommes tenus de commencer les travaux que dans le cadre des d\u00e9lais pr\u00e9vus par notre offre. Pour les mat\u00e9riaux en bois : La tenue des bois d\u00e9pend essentiellement du degr\u00e9 hygrom\u00e9trique des locaux dans lesquels est plac\u00e9s le bois. Nous ne pourrons \u00eatre tenus pour responsables des d\u00e9formations, gauchissements ou retraits des bois, pertes de Noeux, survenus par suite de variation de taux d\u2019hygrom\u00e9trie apr\u00e8s l&rsquo;utilisation et la pose du mat\u00e9riaux, le bois \u00e9tant un mat\u00e9riaux vivant, il travail et bouge.<br><br><br>\n<b>Article 5 &#8211; R\u00c9CEPTIONS \u2013 R\u00c9CLAMATIONS<\/b><br><br>\nLes travaux seront r\u00e9ceptionn\u00e9s au plus tard 2 jours apr\u00e8s leur ach\u00e8vement. A d\u00e9faut de cette r\u00e9ception dans les 2 jours suivant l\u2019ach\u00e8vement des travaux, ceux-ci seront consid\u00e9r\u00e9s comme accept\u00e9s sans r\u00e9serve et le solde de la commande doit \u00eatre r\u00e9gl\u00e9 sans rabais, ni retenue de quelque nature.<br><br><br>\n<b>Article 6 \u2013 PAIEMENT<\/b><br><br>\nNos travaux \u00e9tant enti\u00e8rement ex\u00e9cut\u00e9s sur commande, leur paiement s\u2019eJectue comme suit :\n&#8211; \u00e0 la commande : 30%\n&#8211; au d\u00e9marrage de la fabrication : 40%\n&#8211; \u00e0 la fin de la fabrication (au plus tard 48 Heures avant la livraison) : 25%\n&#8211; le solde de 5 % \u00e0 la livraison apr\u00e8s remise des cl\u00e9s et validation du client<br><br><br>\n<b>Article 6 &#8211; SUSPENSION DES TRAVAUX<\/b><br><br>\nEn cas de non-observation des conditions de paiement, l\u2019entreprise se r\u00e9serve le droit de suspendre les travaux 3 jours apr\u00e8s avoir mis le client en demeure de tenir ses engagements.<br><br><br>\n<b>Article 7 &#8211; CLAUSES P\u00c9NALES<\/b><br><br>\nEn cas de rupture du contrat, de la part du client, et pour quelque nature que ce soit, avant la r\u00e9alisation des travaux command\u00e9s, la totalit\u00e9 de l\u2019acompte vers\u00e9 \u00e0 la commande sera conserv\u00e9 \u00e0 titre d\u2019indemnisation forfaitaire. A cette somme s\u2019ajoutera le montant des fournitures et du mat\u00e9riel d\u00e9j\u00e0 command\u00e9s. En cas de rupture du contrat en cours de r\u00e9alisation des travaux, s\u2019ajoutera \u00e0 la facturation des travaux r\u00e9alis\u00e9s une somme forfaitaire \u00e9gale \u00e0 30 % du montant TTC du devis ou de la commande.<br><br><br>\n<b>Article 8 &#8211; R\u00c9SERVE DE PROPRI\u00c9T\u00c9<\/b><br><br>\nLa marchandise livr\u00e9e reste notre propri\u00e9t\u00e9 jusqu\u2019\u00e0 paiement int\u00e9gral du prix. Toutefois, les risques sont transf\u00e9r\u00e9s d\u00e8s la livraison. Dans le cas o\u00f9 le paiement n\u2019interviendrait pas dans le d\u00e9lai pr\u00e9vu, nous nous r\u00e9servons le droit de reprendre la chose livr\u00e9e et, si bon nous semble, de dissoudre le contrat.<br><br><br>\n<b>Article 9 &#8211; ATTRIBUTION DE COMP\u00c9TENCE<\/b><br><br>\nEn cas de contestation, il est fait attribution de comp\u00e9tence aux tribunaux du si\u00e8ge social de notre entreprise.\t\t\t\t\t\t<\/div>\n\t\t\t\t<\/div>\n\t\t\t\t\t<\/div>\n\t\t<\/div>\n\t\t\t\t\t\t\t<\/div>\n\t\t<\/section>\n\t\t\t\t\t\t\t<\/div>\n\t\t","protected":false},"excerpt":{"rendered":"<p>Toute commande de travaux implique de la part du client l\u2019acceptation sans r\u00e9serve des conditions g\u00e9n\u00e9rales ci-dessous et la renonciation \u00e0 ses propres conditions, sauf convention sp\u00e9ciale contraire \u00e9crite. Article 1 &#8211; VALIDIT\u00c9 Notre offre est valable jusqu\u2019au dernier du mois pour lequel l\u2019offre a \u00e9t\u00e9 \u00e9tabli. Toute commande pass\u00e9e apr\u00e8s ce d\u00e9lai doit entra\u00eener&#8230;<\/p>\n","protected":false},"author":1,"featured_media":0,"parent":0,"menu_order":0,"comment_status":"closed","ping_status":"closed","template":"","meta":{"_kad_post_transparent":"","_kad_post_title":"","_kad_post_layout":"","_kad_post_sidebar_id":"","_kad_post_content_style":"","_kad_post_vertical_padding":"","_kad_post_feature":"","_kad_post_feature_position":"","_kad_post_header":false,"_kad_post_footer":false,"footnotes":""},"yoast_head":"<!-- This site is optimized with the Yoast SEO plugin v19.2 - https:\/\/yoast.com\/wordpress\/plugins\/seo\/ -->\n<title>Conditions g\u00e9n\u00e9rales de ventes - Wood Studio Jardin<\/title>\n<meta name=\"robots\" content=\"index, follow, max-snippet:-1, max-image-preview:large, max-video-preview:-1\" \/>\n<link rel=\"canonical\" href=\"https:\/\/www.wood-studio-jardin.fr\/conditions-generales-de-ventes\/\" \/>\n<meta property=\"og:locale\" content=\"fr_FR\" \/>\n<meta property=\"og:type\" content=\"article\" \/>\n<meta property=\"og:url\" content=\"https:\/\/www.wood-studio-jardin.fr\/conditions-generales-de-ventes\/\" \/>\n<meta property=\"og:site_name\" content=\"Wood Studio Jardin\" \/>\n<meta property=\"article:modified_time\" content=\"2024-03-27T14:24:18+00:00\" \/>\n<meta name=\"author\" content=\"activ\" \/>\n<meta name=\"twitter:card\" content=\"summary_large_image\" \/>\n<meta name=\"twitter:label1\" content=\"Est. reading time\" \/>\n\t<meta name=\"twitter:data1\" content=\"22 minutes\" \/>\n<script type=\"application\/ld+json\" class=\"yoast-schema-graph\">{\"@context\":\"https:\/\/schema.org\",\"@graph\":[{\"@type\":\"WebSite\",\"@id\":\"https:\/\/www.wood-studio-jardin.fr\/#website\",\"url\":\"https:\/\/www.wood-studio-jardin.fr\/\",\"name\":\"Wood Studio Jardin\",\"description\":\"Studio de jardin, extension de maison sur Brest, Rennes, Vannes, St-Brieuc, Quimper, Lorient, Dinard, Dinan...\",\"potentialAction\":[{\"@type\":\"SearchAction\",\"target\":{\"@type\":\"EntryPoint\",\"urlTemplate\":\"https:\/\/www.wood-studio-jardin.fr\/?s={search_term_string}\"},\"query-input\":\"required name=search_term_string\"}],\"inLanguage\":\"fr-FR\"},{\"@type\":\"WebPage\",\"@id\":\"https:\/\/www.wood-studio-jardin.fr\/conditions-generales-de-ventes\/#webpage\",\"url\":\"https:\/\/www.wood-studio-jardin.fr\/conditions-generales-de-ventes\/\",\"name\":\"Conditions g\u00e9n\u00e9rales de ventes - Wood Studio Jardin\",\"isPartOf\":{\"@id\":\"https:\/\/www.wood-studio-jardin.fr\/#website\"},\"datePublished\":\"2020-10-12T15:28:55+00:00\",\"dateModified\":\"2024-03-27T14:24:18+00:00\",\"breadcrumb\":{\"@id\":\"https:\/\/www.wood-studio-jardin.fr\/conditions-generales-de-ventes\/#breadcrumb\"},\"inLanguage\":\"fr-FR\",\"potentialAction\":[{\"@type\":\"ReadAction\",\"target\":[\"https:\/\/www.wood-studio-jardin.fr\/conditions-generales-de-ventes\/\"]}]},{\"@type\":\"BreadcrumbList\",\"@id\":\"https:\/\/www.wood-studio-jardin.fr\/conditions-generales-de-ventes\/#breadcrumb\",\"itemListElement\":[{\"@type\":\"ListItem\",\"position\":1,\"name\":\"Accueil\",\"item\":\"https:\/\/www.wood-studio-jardin.fr\/\"},{\"@type\":\"ListItem\",\"position\":2,\"name\":\"Conditions g\u00e9n\u00e9rales de ventes\"}]}]}<\/script>\n<!-- \/ Yoast SEO plugin. -->","yoast_head_json":{"title":"Conditions g\u00e9n\u00e9rales de ventes - Wood Studio Jardin","robots":{"index":"index","follow":"follow","max-snippet":"max-snippet:-1","max-image-preview":"max-image-preview:large","max-video-preview":"max-video-preview:-1"},"canonical":"https:\/\/www.wood-studio-jardin.fr\/conditions-generales-de-ventes\/","og_locale":"fr_FR","og_type":"article","og_url":"https:\/\/www.wood-studio-jardin.fr\/conditions-generales-de-ventes\/","og_site_name":"Wood Studio Jardin","article_modified_time":"2024-03-27T14:24:18+00:00","author":"activ","twitter_card":"summary_large_image","twitter_misc":{"Est. reading time":"22 minutes"},"schema":{"@context":"https:\/\/schema.org","@graph":[{"@type":"WebSite","@id":"https:\/\/www.wood-studio-jardin.fr\/#website","url":"https:\/\/www.wood-studio-jardin.fr\/","name":"Wood Studio Jardin","description":"Studio de jardin, extension de maison sur Brest, Rennes, Vannes, St-Brieuc, Quimper, Lorient, Dinard, Dinan...","potentialAction":[{"@type":"SearchAction","target":{"@type":"EntryPoint","urlTemplate":"https:\/\/www.wood-studio-jardin.fr\/?s={search_term_string}"},"query-input":"required name=search_term_string"}],"inLanguage":"fr-FR"},{"@type":"WebPage","@id":"https:\/\/www.wood-studio-jardin.fr\/conditions-generales-de-ventes\/#webpage","url":"https:\/\/www.wood-studio-jardin.fr\/conditions-generales-de-ventes\/","name":"Conditions g\u00e9n\u00e9rales de ventes - Wood Studio Jardin","isPartOf":{"@id":"https:\/\/www.wood-studio-jardin.fr\/#website"},"datePublished":"2020-10-12T15:28:55+00:00","dateModified":"2024-03-27T14:24:18+00:00","breadcrumb":{"@id":"https:\/\/www.wood-studio-jardin.fr\/conditions-generales-de-ventes\/#breadcrumb"},"inLanguage":"fr-FR","potentialAction":[{"@type":"ReadAction","target":["https:\/\/www.wood-studio-jardin.fr\/conditions-generales-de-ventes\/"]}]},{"@type":"BreadcrumbList","@id":"https:\/\/www.wood-studio-jardin.fr\/conditions-generales-de-ventes\/#breadcrumb","itemListElement":[{"@type":"ListItem","position":1,"name":"Accueil","item":"https:\/\/www.wood-studio-jardin.fr\/"},{"@type":"ListItem","position":2,"name":"Conditions g\u00e9n\u00e9rales de ventes"}]}]}},"_links":{"self":[{"href":"https:\/\/www.wood-studio-jardin.fr\/api\/wp\/v2\/pages\/23329"}],"collection":[{"href":"https:\/\/www.wood-studio-jardin.fr\/api\/wp\/v2\/pages"}],"about":[{"href":"https:\/\/www.wood-studio-jardin.fr\/api\/wp\/v2\/types\/page"}],"author":[{"embeddable":true,"href":"https:\/\/www.wood-studio-jardin.fr\/api\/wp\/v2\/users\/1"}],"replies":[{"embeddable":true,"href":"https:\/\/www.wood-studio-jardin.fr\/api\/wp\/v2\/comments?post=23329"}],"version-history":[{"count":12,"href":"https:\/\/www.wood-studio-jardin.fr\/api\/wp\/v2\/pages\/23329\/revisions"}],"predecessor-version":[{"id":37409,"href":"https:\/\/www.wood-studio-jardin.fr\/api\/wp\/v2\/pages\/23329\/revisions\/37409"}],"wp:attachment":[{"href":"https:\/\/www.wood-studio-jardin.fr\/api\/wp\/v2\/media?parent=23329"}],"curies":[{"name":"wp","href":"https:\/\/api.w.org\/{rel}","templated":true}]}}